{"id":72,"date":"2021-06-11T22:20:58","date_gmt":"2021-06-12T01:20:58","guid":{"rendered":"https:\/\/formacaoemmovimento.org.br\/?page_id=72"},"modified":"2025-06-17T16:46:28","modified_gmt":"2025-06-17T19:46:28","slug":"inicio","status":"publish","type":"page","link":"https:\/\/formacaoemmovimento.org.br\/","title":{"rendered":"IN\u00cdCIO"},"content":{"rendered":"\n<div class=\"wp-block-getwid-section\"><div class=\"wp-block-getwid-section__wrapper\"><div class=\"wp-block-getwid-section__inner-wrapper\"><div class=\"wp-block-getwid-section__background-holder\"><div class=\"wp-block-getwid-section__background\"><\/div><div class=\"wp-block-getwid-section__foreground\"><\/div><\/div><div class=\"wp-block-getwid-section__content\"><div class=\"wp-block-getwid-section__inner-content\">\n<div class=\"wp-block-ugb-heading alignfull ugb-heading ugb-6a63a7a ugb-main-block\"><style>.ugb-6a63a7a .ugb-heading__title{font-size:24px !important}<\/style><div class=\"ugb-inner-block\"><div class=\"ugb-block-content\"><h1 class=\"ugb-heading__title\">Veja as \u00faltimas aulas postadas:<\/h1><\/div><\/div><\/div>\n\n\n\n        <div class=\"wp-block-getwid-post-carousel custom-post-type-post has-slides-gap-normal is-carousel has-arrows-outside has-dots-none\">\n            <div data-slider-option=\"{&quot;sliderSlidesToShowDesktop&quot;:&quot;4&quot;,&quot;getwid_slidesToShowLaptop&quot;:&quot;4&quot;,&quot;getwid_slidesToShowTablet&quot;:&quot;1&quot;,&quot;getwid_slidesToShowMobile&quot;:&quot;1&quot;,&quot;getwid_autoplay_speed&quot;:6000,&quot;getwid_animation_speed&quot;:800,&quot;getwid_slidesToScroll&quot;:&quot;3&quot;,&quot;getwid_autoplay&quot;:true,&quot;getwid_pause_on_hover&quot;:false,&quot;getwid_infinite&quot;:true,&quot;getwid_center_mode&quot;:false,&quot;getwid_arrows&quot;:&quot;outside&quot;,&quot;getwid_dots&quot;:&quot;none&quot;}\" class=\"wp-block-getwid-post-carousel__wrapper\">\n                \t\t\t\t\t\t\t<div class=\"wp-block-getwid-post-carousel__slide\">\n\t\t\t\t\t\t\t\t\n<div class=\"wp-block-getwid-template-post-featured-background-image getwid-padding-top-large getwid-padding-bottom-large getwid-padding-left-large getwid-padding-right-large\" >\n\t\t\t<div class=\"wp-block-getwid-template-post-featured-background-image__image\" style=\"background-image: url(https:\/\/formacaoemmovimento.org.br\/wp-content\/uploads\/2022\/02\/ciclo-flroestan-150x150.jpg);\"><\/div>\n\t\t<div class=\"wp-block-getwid-template-post-featured-background-image__foreground\"\n\t\t style=\"background-color: #000; \" \t><\/div>\n\t    <div class=\"wp-block-getwid-template-post-featured-background-image__content\"\n\t\t\t>\n        \n\n<h3 style=\"font-weight: bold;color:#fff;\" class=\"wp-block-getwid-template-post-title has-normal-font-size has-text-color\"><a class=\"wp-block-getwid-template-post-title__link\" href=\"https:\/\/formacaoemmovimento.org.br\/?p=5340\">ENCONTRO 3 | Poder e contra Poder: uma Leitura do Brasil<\/a><\/h3>\n    <\/div>\n<\/div>\n\t\t\t\t\t\t\t<\/div>\n\t\t\t\t\t\t\t\t\t\t\t\t\t<div class=\"wp-block-getwid-post-carousel__slide\">\n\t\t\t\t\t\t\t\t\n<div class=\"wp-block-getwid-template-post-featured-background-image getwid-padding-top-large getwid-padding-bottom-large getwid-padding-left-large getwid-padding-right-large\" >\n\t\t\t<div class=\"wp-block-getwid-template-post-featured-background-image__image\" style=\"background-image: url(https:\/\/formacaoemmovimento.org.br\/wp-content\/uploads\/2022\/02\/ciclo-flroestan-150x150.jpg);\"><\/div>\n\t\t<div class=\"wp-block-getwid-template-post-featured-background-image__foreground\"\n\t\t style=\"background-color: #000; \" \t><\/div>\n\t    <div class=\"wp-block-getwid-template-post-featured-background-image__content\"\n\t\t\t>\n        \n\n<h3 style=\"font-weight: bold;color:#fff;\" class=\"wp-block-getwid-template-post-title has-normal-font-size has-text-color\"><a class=\"wp-block-getwid-template-post-title__link\" href=\"https:\/\/formacaoemmovimento.org.br\/?p=5171\">Encontro 2 |  A Revolu\u00e7\u00e3o e a Contra Revolu\u00e7\u00e3o no Brasil<\/a><\/h3>\n    <\/div>\n<\/div>\n\t\t\t\t\t\t\t<\/div>\n\t\t\t\t\t\t\t\t\t\t\t\t\t<div class=\"wp-block-getwid-post-carousel__slide\">\n\t\t\t\t\t\t\t\t\n<div class=\"wp-block-getwid-template-post-featured-background-image getwid-padding-top-large getwid-padding-bottom-large getwid-padding-left-large getwid-padding-right-large\" >\n\t\t\t<div class=\"wp-block-getwid-template-post-featured-background-image__image\" style=\"background-image: url(https:\/\/formacaoemmovimento.org.br\/wp-content\/uploads\/2021\/12\/destruicao-anbiental-150x150.jpg);\"><\/div>\n\t\t<div class=\"wp-block-getwid-template-post-featured-background-image__foreground\"\n\t\t style=\"background-color: #000; \" \t><\/div>\n\t    <div class=\"wp-block-getwid-template-post-featured-background-image__content\"\n\t\t\t>\n        \n\n<h3 style=\"font-weight: bold;color:#fff;\" class=\"wp-block-getwid-template-post-title has-normal-font-size has-text-color\"><a class=\"wp-block-getwid-template-post-title__link\" href=\"https:\/\/formacaoemmovimento.org.br\/?p=4309\">AULA 5 | SOBERANIA ALIMENTAR E A REFORMA AGR\u00c1RIA POPULAR<\/a><\/h3>\n    <\/div>\n<\/div>\n\t\t\t\t\t\t\t<\/div>\n\t\t\t\t\t\t\t\t\t\t\t\t\t<div class=\"wp-block-getwid-post-carousel__slide\">\n\t\t\t\t\t\t\t\t\n<div class=\"wp-block-getwid-template-post-featured-background-image getwid-padding-top-large getwid-padding-bottom-large getwid-padding-left-large getwid-padding-right-large\" >\n\t\t\t<div class=\"wp-block-getwid-template-post-featured-background-image__image\" style=\"background-image: url(https:\/\/formacaoemmovimento.org.br\/wp-content\/uploads\/2021\/12\/destruicao-anbiental-150x150.jpg);\"><\/div>\n\t\t<div class=\"wp-block-getwid-template-post-featured-background-image__foreground\"\n\t\t style=\"background-color: #000; \" \t><\/div>\n\t    <div class=\"wp-block-getwid-template-post-featured-background-image__content\"\n\t\t\t>\n        \n\n<h3 style=\"font-weight: bold;color:#fff;\" class=\"wp-block-getwid-template-post-title has-normal-font-size has-text-color\"><a class=\"wp-block-getwid-template-post-title__link\" href=\"https:\/\/formacaoemmovimento.org.br\/?p=4295\">AULA 4 | MEIO AMBIENTE E A MILITARIZA\u00c7\u00c3O DA AMAZ\u00d4NIA<\/a><\/h3>\n    <\/div>\n<\/div>\n\t\t\t\t\t\t\t<\/div>\n\t\t\t\t\t\t\t\t\t\t\t\t\t<div class=\"wp-block-getwid-post-carousel__slide\">\n\t\t\t\t\t\t\t\t\n<div class=\"wp-block-getwid-template-post-featured-background-image getwid-padding-top-large getwid-padding-bottom-large getwid-padding-left-large getwid-padding-right-large\" >\n\t\t\t<div class=\"wp-block-getwid-template-post-featured-background-image__image\" style=\"background-image: url(https:\/\/formacaoemmovimento.org.br\/wp-content\/uploads\/2021\/12\/destruicao-anbiental-150x150.jpg);\"><\/div>\n\t\t<div class=\"wp-block-getwid-template-post-featured-background-image__foreground\"\n\t\t style=\"background-color: #000; \" \t><\/div>\n\t    <div class=\"wp-block-getwid-template-post-featured-background-image__content\"\n\t\t\t>\n        \n\n<h3 style=\"font-weight: bold;color:#fff;\" class=\"wp-block-getwid-template-post-title has-normal-font-size has-text-color\"><a class=\"wp-block-getwid-template-post-title__link\" href=\"https:\/\/formacaoemmovimento.org.br\/?p=4282\">AULA 3|  REGULARIZA\u00c7\u00c3O FUNDI\u00c1RIA E OS FUNDOS DE INVESTIMENTO<\/a><\/h3>\n    <\/div>\n<\/div>\n\t\t\t\t\t\t\t<\/div>\n\t\t\t\t\t\t            <\/div>\n        <\/div>\n        \n\n\n<div class=\"wp-block-stackable-divider stk-block-divider stk-block stk-cf970ed\" data-block-id=\"cf970ed\"><style>.stk-cf970ed{margin-bottom:60px !important}<\/style><hr class=\"stk-block-divider__hr\"\/><\/div>\n\n\n\n<div class=\"wp-block-ugb-card ugb-card ugb-f71420c ugb-card--v2 ugb-card--design-basic ugb-card--columns-1 ugb-main-block\"><style>.ugb-f71420c .ugb-card__item1 .ugb-card__image{background-image:url(https:\/\/formacaoemmovimento.org.br\/wp-content\/uploads\/2021\/10\/image-5-2-1024x348.jpg)}.ugb-f71420c .ugb-button{background-color:var(--theme-palette-color-1,#d80909)}.ugb-f71420c .ugb-button .ugb-button--inner,.ugb-f71420c .ugb-button svg:not(.ugb-custom-icon){color:#ffffff !important}.ugb-f71420c .ugb-button-container{text-align:right !important}<\/style><div class=\"ugb-inner-block\"><div class=\"ugb-block-content\"><div class=\"ugb-card__item ugb-card__item1\"><div class=\"ugb-card__image\"><\/div><div class=\"ugb-card__content\"><h4 class=\"ugb-card__title\">em transi\u00e7\u00e3o<\/h4><p class=\"ugb-card__description\">O ano de 2020 foi de muitos aprendizados e experi\u00eancias de processos formativos. Desafios deste momento em que n\u00e3o pudemos nos encontrar presencialmente. Na p\u00e1gina <strong>Forma\u00e7\u00e3o em Tempos de Corona<\/strong> demos nossos primeiros passos, e ainda tem muito material por l\u00e1! Aos pouquinhos vamos reacomodar tudo por aqui. Mas n\u00e3o deixe de visit\u00e1-la para conferir mais cursos e outros materiais dispon\u00edveis. <\/p><div class=\"ugb-button-container\"><a class=\"ugb-button ugb-button--size-normal\" href=\"https:\/\/sites.google.com\/view\/mstformcaocvd19\/in%C3%ADcio?authuser=0\" rel=\"\" title=\"\"><span class=\"ugb-button--inner\">Acesse aqui a p\u00e1gina Forma\u00e7\u00e3o em Tempos de Corona!<\/span><\/a><\/div><\/div><\/div><\/div><\/div><\/div>\n<\/div><\/div><\/div><\/div><\/div>\n\n\n\n<div class=\"wp-block-group is-layout-flow wp-block-group-is-layout-flow\"><\/div>\n\n\n\n<p><\/p>\n","protected":false},"excerpt":{"rendered":"","protected":false},"author":7,"featured_media":1806,"parent":0,"menu_order":0,"comment_status":"closed","ping_status":"closed","template":"","meta":{"footnotes":""},"class_list":["post-72","page","type-page","status-publish","has-post-thumbnail","hentry"],"blocksy_meta":{"styles_descriptor":{"styles":{"desktop":"","tablet":"","mobile":""},"google_fonts":[],"version":6}},"featured_image_urls_v2":{"full":["https:\/\/formacaoemmovimento.org.br\/wp-content\/uploads\/2021\/09\/CAPA.png",1920,447,false],"thumbnail":["https:\/\/formacaoemmovimento.org.br\/wp-content\/uploads\/2021\/09\/CAPA-150x150.png",150,150,true],"medium":["https:\/\/formacaoemmovimento.org.br\/wp-content\/uploads\/2021\/09\/CAPA-300x70.png",300,70,true],"medium_large":["https:\/\/formacaoemmovimento.org.br\/wp-content\/uploads\/2021\/09\/CAPA-768x179.png",768,179,true],"large":["https:\/\/formacaoemmovimento.org.br\/wp-content\/uploads\/2021\/09\/CAPA-1024x238.png",1024,238,true],"1536x1536":["https:\/\/formacaoemmovimento.org.br\/wp-content\/uploads\/2021\/09\/CAPA-1536x358.png",1536,358,true],"2048x2048":["https:\/\/formacaoemmovimento.org.br\/wp-content\/uploads\/2021\/09\/CAPA.png",1920,447,false]},"post_excerpt_stackable_v2":"<p>Veja as \u00faltimas aulas postadas: ENCONTRO 3 | Poder e contra Poder: uma Leitura do Brasil Encontro 2 | A Revolu\u00e7\u00e3o e a Contra Revolu\u00e7\u00e3o no Brasil AULA 5 | SOBERANIA ALIMENTAR E A REFORMA AGR\u00c1RIA POPULAR AULA 4 | MEIO AMBIENTE E A MILITARIZA\u00c7\u00c3O DA AMAZ\u00d4NIA AULA 3| REGULARIZA\u00c7\u00c3O FUNDI\u00c1RIA E OS FUNDOS DE INVESTIMENTO em transi\u00e7\u00e3oO ano de 2020 foi de muitos aprendizados e experi\u00eancias de processos formativos. Desafios deste momento em que n\u00e3o pudemos nos encontrar presencialmente. Na p\u00e1gina Forma\u00e7\u00e3o em Tempos de Corona demos nossos primeiros passos, e ainda tem muito material por l\u00e1! Aos pouquinhos&hellip;<\/p>\n","category_list_v2":"","author_info_v2":{"name":"Jo\u00e3oVitor","url":"https:\/\/formacaoemmovimento.org.br\/?author=7"},"comments_num_v2":"0 coment\u00e1rio","_links":{"self":[{"href":"https:\/\/formacaoemmovimento.org.br\/index.php?rest_route=\/wp\/v2\/pages\/72","targetHints":{"allow":["GET"]}}],"collection":[{"href":"https:\/\/formacaoemmovimento.org.br\/index.php?rest_route=\/wp\/v2\/pages"}],"about":[{"href":"https:\/\/formacaoemmovimento.org.br\/index.php?rest_route=\/wp\/v2\/types\/page"}],"author":[{"embeddable":true,"href":"https:\/\/formacaoemmovimento.org.br\/index.php?rest_route=\/wp\/v2\/users\/7"}],"replies":[{"embeddable":true,"href":"https:\/\/formacaoemmovimento.org.br\/index.php?rest_route=%2Fwp%2Fv2%2Fcomments&post=72"}],"version-history":[{"count":249,"href":"https:\/\/formacaoemmovimento.org.br\/index.php?rest_route=\/wp\/v2\/pages\/72\/revisions"}],"predecessor-version":[{"id":5852,"href":"https:\/\/formacaoemmovimento.org.br\/index.php?rest_route=\/wp\/v2\/pages\/72\/revisions\/5852"}],"wp:featuredmedia":[{"embeddable":true,"href":"https:\/\/formacaoemmovimento.org.br\/index.php?rest_route=\/wp\/v2\/media\/1806"}],"wp:attachment":[{"href":"https:\/\/formacaoemmovimento.org.br\/index.php?rest_route=%2Fwp%2Fv2%2Fmedia&parent=72"}],"curies":[{"name":"wp","href":"https:\/\/api.w.org\/{rel}","templated":true}]}}