{"id":4948,"date":"2022-07-21T11:06:03","date_gmt":"2022-07-21T14:06:03","guid":{"rendered":"https:\/\/formacaoemmovimento.org.br\/?page_id=4948"},"modified":"2025-06-17T16:46:28","modified_gmt":"2025-06-17T19:46:28","slug":"ciclo-de-estudos-a-atualidade-do-pensamento-de-florestan-fernandes","status":"publish","type":"page","link":"https:\/\/formacaoemmovimento.org.br\/?page_id=4948","title":{"rendered":"Ciclo de Estudos: A Atualidade do Pensamento de Florestan Fernandes"},"content":{"rendered":"\n<p>&nbsp;<\/p>\n\n\n\n<div class=\"wp-block-stackable-heading stk-block-heading stk-block-heading--v2 stk-block stk-4804b6d\" id=\"ciclo-de-estudos-a-atualidade-do-pensamento-de-florestan-fernandes\" data-block-id=\"4804b6d\"><style>.stk-4804b6d{margin-bottom:0px !important}<\/style><h2 class=\"stk-block-heading__text stk-block-heading--use-theme-margins\">Ciclo de Estudos: A Atualidade do Pensamento de Florestan Fernandes<\/h2><\/div>\n\n\n\n<div class=\"wp-block-stackable-text stk-block-text stk-block stk-6cfa88a\" data-block-id=\"6cfa88a\"><style>.stk-6cfa88a{margin-bottom:50px !important}<\/style><p class=\"stk-block-text__text\">&nbsp;<\/p><\/div>\n\n\n\n<div class=\"wp-block-stackable-heading stk-block-heading stk-block-heading--v2 stk-block stk-a9e0836\" id=\"apresentacao\" data-block-id=\"a9e0836\"><style>.stk-a9e0836{margin-bottom:17px !important}.stk-a9e0836 .stk-block-heading__text{font-size:28px !important}@media screen and (max-width:999px){.stk-a9e0836 .stk-block-heading__text{font-size:28px !important}}<\/style><h4 class=\"stk-block-heading__text stk-block-heading--use-theme-margins\">Apresenta\u00e7\u00e3o<\/h4><\/div>\n\n\n\n<p>Neste ano de 2022 vamos realizar tr\u00eas momentos para debatermos a obra e pensamento de Florestan Fernandes. Estamos denominando de Ciclo de Estudos onde contaremos com a contribui\u00e7\u00e3o de professoras e professores que auxiliar\u00e1 o entendimento e reflex\u00e3o sobre determinadas tem\u00e1ticas. O Ciclo \u00e9 aberto a todas pessoas que quiserem participar e ocorrer\u00e1 de forma virtual e com transmiss\u00e3o pelo canal do you tube do MST.<\/p>\n\n\n\n<p>&nbsp;<\/p>\n\n\n\n<p><strong>Tema I: As Elei\u00e7\u00f5es e a luta Pol\u00edtica Revolucion\u00e1ria.<\/strong><br>Com Eliane Veras e Vladmir Sacchetta.<br>Data: 22 de julho de 2022 a partir das 19h (Hor\u00e1rio de Brasilia)<\/p>\n\n\n\n<p>&nbsp;<\/p>\n\n\n\n<p><strong>Tema II:A Revolu\u00e7\u00e3o e a Contra Revolu\u00e7\u00e3o no Brasil<\/strong><br>Com Kelli Mafort e Jos\u00e9 Paulo Neto<br>Data: 22 de setembro de 2022 a partir das 19h (Hor\u00e1rio de Brasilia)<\/p>\n\n\n\n<p>&nbsp;<\/p>\n\n\n\n<p><strong>Tema III: Poder e Contra Pode<\/strong>r &#8211; <strong>uma leitura do Brasil<\/strong><br>Com Ricardo Velho<br>Data: 7 de dezembro de 2022 a partir das 19h<\/p>\n\n\n\n<p><\/p>\n\n\n\n<div class=\"wp-block-stackable-heading stk-block-heading stk-block-heading--v2 stk-block stk-fd1af76\" id=\"veja-os-videos\" data-block-id=\"fd1af76\"><style>.stk-fd1af76{margin-bottom:23px !important}.stk-fd1af76 .stk-block-heading__text{font-size:28px !important}@media screen and (max-width:999px){.stk-fd1af76 .stk-block-heading__text{font-size:28px !important}}<\/style><h1 class=\"stk-block-heading__text stk-block-heading--use-theme-margins\">veja os v\u00eddeos:<\/h1><\/div>\n\n\n\n<div class=\"wp-block-group alignwide is-layout-flow wp-block-group-is-layout-flow\">\n<div class=\"wp-block-stackable-posts alignwide stk-block-posts stk--column-flex stk-block stk-58f8e72 is-style-list\" data-v=\"2\" data-block-id=\"58f8e72\"><style>.stk-58f8e72-inner-blocks{justify-content:flex-start !important}.stk-58f8e72-container{min-height:76px !important;align-items:center !important;max-width:697px !important;padding-top:5px !important;padding-right:5px !important;padding-bottom:5px !important;padding-left:5px !important;margin-right:auto !important;margin-left:auto !important;display:flex !important}.stk-58f8e72-container .stk-block-posts__image-link{flex-basis:35% !important}.stk-58f8e72 .stk-block-posts__title a{font-size:20px !important;color:var(--theme-palette-color-3,#915656) !important}.stk-58f8e72 .stk-block-posts__items{row-gap:0px !important}.stk-58f8e72{--stk-columns:1 !important;--stk-column-gap:0px !important}.stk-58f8e72 .stk-content-align{max-width:776px !important;margin-left:0 !important;margin-right:auto !important}.stk-58f8e72 .stk-block-posts__title{margin-bottom:8px !important}.stk-58f8e72 .stk-container-padding{width:65% !important}@media screen and (max-width:999px){.stk-58f8e72 .stk-block-posts__title a{font-size:20px !important}}<\/style><div class=\"stk-inner-blocks stk-content-align stk-58f8e72-column alignwide\"><div class=\"stk-block-posts__items\"><div class=\"stk-block-posts__item\"><div class=\"stk-container stk-58f8e72-container stk--no-background stk--no-padding\"><article class=\"stk-container-padding\"><h4 class=\"stk-block-posts__title has-text-align-left has-text-color has-palette-color-3-color\"><a href='https:\/\/formacaoemmovimento.org.br\/?p=5171'>Encontro 2 |  A Revolu\u00e7\u00e3o e a Contra Revolu\u00e7\u00e3o no Brasil<\/a><\/h4><\/article><\/div><\/div><div class=\"stk-block-posts__item\"><div class=\"stk-container stk-58f8e72-container stk--no-background stk--no-padding\"><article class=\"stk-container-padding\"><h4 class=\"stk-block-posts__title has-text-align-left has-text-color has-palette-color-3-color\"><a href='https:\/\/formacaoemmovimento.org.br\/?p=5340'>ENCONTRO 3 | Poder e contra Poder: uma Leitura do Brasil<\/a><\/h4><\/article><\/div><\/div><\/div><div class=\"stk-inner-blocks\"><\/div><\/div><\/div>\n\n\n\n<p><\/p>\n<\/div>\n\n\n\n<div class=\"wp-block-stackable-heading stk-block-heading stk-block-heading--v2 stk-block stk-4500053\" id=\"referencias\" data-block-id=\"4500053\"><style>.stk-4500053 .stk-block-heading__text{font-size:28px !important}@media screen and (max-width:999px){.stk-4500053 .stk-block-heading__text{font-size:28px !important}}<\/style><h1 class=\"stk-block-heading__text stk-block-heading--use-theme-margins\">refer\u00eancias<\/h1><\/div>\n\n\n\n<p>FERNANDES, Florestan. <strong>As classes sociais na Am\u00e9rica Latina<\/strong>. Rio de Janeiro: Paz e Terra, 1977<\/p>\n\n\n\n<p>FERNANDES, Florestan. <strong>Capitalismo dependente e classes sociais na Am\u00e9rica Latina<\/strong>. S\u00e3o Paulo: Global Editora, 2009.<\/p>\n\n\n\n<p>FERNANDES, Florestan. <strong>A revolu\u00e7\u00e3o burguesa no Brasil<\/strong>: <strong>ensaio de interpreta\u00e7\u00e3o sociol\u00f3gica<\/strong>. Rio de Janeiro: Zahar Editores, 1975. &nbsp;<\/p>\n\n\n\n<p>FERNANDES, Florestan. <strong>Circuito Fechado<\/strong>: <strong>quatro ensaios sobre o \u201cPoder Institucional\u201d<\/strong>. 2. ed. S\u00e3o Paulo: Hucitec, 1979.<\/p>\n\n\n\n<p><p>FERNANDES, Florestan. Reflex\u00f5es sobre as \u201cRevolu\u00e7\u00f5es Interrompidas\u201d (uma rota\u00e7\u00e3o de perspectivas, 1981). In: <strong>Poder e contrapoder na Am\u00e9rica Latina.<\/strong> Rio de Janeiro: Zahar, 1981.<\/p>\n<p>&nbsp;<\/p>\n<p>&nbsp;<\/p><\/p>\n","protected":false},"excerpt":{"rendered":"<p>Neste ano de 2022 vamos realizar tr\u00eas momentos para debatermos a obra e pensamento de Florestan Fernandes. Estamos denominando de Ciclo de Estudos onde contaremos com a contribui\u00e7\u00e3o de professoras e professores que auxiliar\u00e1 o entendimento e reflex\u00e3o sobre determinadas tem\u00e1ticas. O Ciclo \u00e9 aberto a todas pessoas que quiserem participar e ocorrer\u00e1 de forma virtual e com transmiss\u00e3o pelo canal do you tube do MST.<\/p>\n","protected":false},"author":4,"featured_media":4957,"parent":1143,"menu_order":0,"comment_status":"closed","ping_status":"closed","template":"","meta":{"footnotes":""},"class_list":["post-4948","page","type-page","status-publish","has-post-thumbnail","hentry"],"blocksy_meta":{"styles_descriptor":{"styles":{"desktop":"","tablet":"","mobile":""},"google_fonts":[],"version":6}},"featured_image_urls_v2":{"full":["https:\/\/formacaoemmovimento.org.br\/wp-content\/uploads\/2022\/02\/ciclo-flroestan.jpg",1290,300,false],"thumbnail":["https:\/\/formacaoemmovimento.org.br\/wp-content\/uploads\/2022\/02\/ciclo-flroestan-150x150.jpg",150,150,true],"medium":["https:\/\/formacaoemmovimento.org.br\/wp-content\/uploads\/2022\/02\/ciclo-flroestan-300x70.jpg",300,70,true],"medium_large":["https:\/\/formacaoemmovimento.org.br\/wp-content\/uploads\/2022\/02\/ciclo-flroestan-768x179.jpg",768,179,true],"large":["https:\/\/formacaoemmovimento.org.br\/wp-content\/uploads\/2022\/02\/ciclo-flroestan-1024x238.jpg",1024,238,true],"1536x1536":["https:\/\/formacaoemmovimento.org.br\/wp-content\/uploads\/2022\/02\/ciclo-flroestan.jpg",1290,300,false],"2048x2048":["https:\/\/formacaoemmovimento.org.br\/wp-content\/uploads\/2022\/02\/ciclo-flroestan.jpg",1290,300,false]},"post_excerpt_stackable_v2":"<p>Neste ano de 2022 vamos realizar tr\u00eas momentos para debatermos a obra e pensamento de Florestan Fernandes. Estamos denominando de Ciclo de Estudos onde contaremos com a contribui\u00e7\u00e3o de professoras e professores que auxiliar\u00e1 o entendimento e reflex\u00e3o sobre determinadas tem\u00e1ticas. O Ciclo \u00e9 aberto a todas pessoas que quiserem participar e ocorrer\u00e1 de forma virtual e com transmiss\u00e3o pelo canal do you tube do MST.<\/p>\n","category_list_v2":"","author_info_v2":{"name":"Carol Cruz","url":"https:\/\/formacaoemmovimento.org.br\/?author=4"},"comments_num_v2":"0 coment\u00e1rio","_links":{"self":[{"href":"https:\/\/formacaoemmovimento.org.br\/index.php?rest_route=\/wp\/v2\/pages\/4948","targetHints":{"allow":["GET"]}}],"collection":[{"href":"https:\/\/formacaoemmovimento.org.br\/index.php?rest_route=\/wp\/v2\/pages"}],"about":[{"href":"https:\/\/formacaoemmovimento.org.br\/index.php?rest_route=\/wp\/v2\/types\/page"}],"author":[{"embeddable":true,"href":"https:\/\/formacaoemmovimento.org.br\/index.php?rest_route=\/wp\/v2\/users\/4"}],"replies":[{"embeddable":true,"href":"https:\/\/formacaoemmovimento.org.br\/index.php?rest_route=%2Fwp%2Fv2%2Fcomments&post=4948"}],"version-history":[{"count":16,"href":"https:\/\/formacaoemmovimento.org.br\/index.php?rest_route=\/wp\/v2\/pages\/4948\/revisions"}],"predecessor-version":[{"id":5481,"href":"https:\/\/formacaoemmovimento.org.br\/index.php?rest_route=\/wp\/v2\/pages\/4948\/revisions\/5481"}],"up":[{"embeddable":true,"href":"https:\/\/formacaoemmovimento.org.br\/index.php?rest_route=\/wp\/v2\/pages\/1143"}],"wp:featuredmedia":[{"embeddable":true,"href":"https:\/\/formacaoemmovimento.org.br\/index.php?rest_route=\/wp\/v2\/media\/4957"}],"wp:attachment":[{"href":"https:\/\/formacaoemmovimento.org.br\/index.php?rest_route=%2Fwp%2Fv2%2Fmedia&parent=4948"}],"curies":[{"name":"wp","href":"https:\/\/api.w.org\/{rel}","templated":true}]}}