{"id":4444,"date":"2021-12-17T16:58:08","date_gmt":"2021-12-17T19:58:08","guid":{"rendered":"https:\/\/formacaoemmovimento.org.br\/?page_id=4444"},"modified":"2024-05-21T15:00:40","modified_gmt":"2024-05-21T18:00:40","slug":"regularizacao-fundiaria-e-destruicao-ambiental","status":"publish","type":"page","link":"https:\/\/formacaoemmovimento.org.br\/?page_id=4444","title":{"rendered":"Regulariza\u00e7\u00e3o Fundi\u00e1ria e Destrui\u00e7\u00e3o Ambiental"},"content":{"rendered":"\n<div class=\"alignfull wp-block-ugb-text ugb-text ugb-491e63f ugb-text--design-plain ugb-text--columns-1 ugb-main-block ugb-main-block--inner-center ugb--has-block-background\"><style>.ugb-491e63f .ugb-text__title{color:var(--theme-palette-color-1,#d80909);text-align:left}.ugb-491e63f .ugb-text__text p{font-family:\"Roboto\",Sans-serif !important;font-size:35px !important;font-weight:700 !important;color:var(--theme-palette-color-1,#d80909)}.ugb-491e63f .ugb-inner-block{text-align:left}.ugb-491e63f.ugb-text{background-color:var(--theme-palette-color-8,#ffffff)}.ugb-491e63f.ugb-text:before{background-color:var(--theme-palette-color-8,#ffffff)}@media screen and (min-width:768px){.ugb-491e63f.ugb-text{padding-top:0px !important;padding-right:35px !important;padding-bottom:26px !important;padding-left:35px !important}}@media screen and (max-width:768px){.ugb-491e63f .ugb-text__text p{font-size:20px !important}}<\/style><div class=\"ugb-inner-block ugb-inner-block--center\"><div class=\"ugb-block-content\"><div class=\"ugb-text__title-wrapper\"><h2 class=\"ugb-text__title\">REGULARIZA\u00c7\u00c3O FUNDI\u00c1RIA E DESTRUI\u00c7\u00c3O AMBIENTAL<\/h2><\/div><div class=\"ugb-text__text-wrapper\"><div class=\"ugb-text__text\"><p class=\"ugb-text__text-1\"><\/p><\/div><\/div><\/div><\/div><\/div>\n\n\n\n<div class=\"wp-block-ugb-expand ugb-expand ugb-2670207 ugb-expand--v2 ugb-main-block\" aria-expanded=\"false\"><style>.ugb-2670207 .ugb-expand__less-text p,.ugb-2670207 .ugb-expand__more-text p{font-size:18px !important}<\/style><div class=\"ugb-inner-block\"><div class=\"ugb-block-content\"><h4 class=\"ugb-expand__title\">Apresenta\u00e7\u00e3o<\/h4><div class=\"ugb-expand__less-text\"><p>Nos \u00faltimos anos, o Brasil vem registrando o crescimento do desmatamento e das queimadas em todos os biomas do pa\u00eds, em especial na Amaz\u00f4nia e no Cerrado. O atual desmantelamento dos \u00f3rg\u00e3os de fiscaliza\u00e7\u00e3o e a desregulamenta\u00e7\u00e3o da pol\u00edtica de prote\u00e7\u00e3o ambiental faz parte do projeto pol\u00edtico do governo de Jair Bolsonaro.<\/p><p>N\u00e3o \u00e0 toa, a famosa frase do ministro do Meio Ambiente Ricardo Salles, sobre a necessidade de aproveitar a pandemia para \u201cpassar a boiada\u201d sobre as regulamenta\u00e7\u00f5es ambientais, tem surtido efeito. Dados do Instituto Nacional de Pesquisas Espaciais (Inpe) apontam um crescimento do desmatamento no ano de 2020 superior ao desastre que ocorrera em 2019. Segundo a institui\u00e7\u00e3o, houve um aumento de 34% no desmatamento da Amaz\u00f4nia entre agosto de 2019 \u00e0 julho de 2020.<\/p><p>Diante deste cen\u00e1rio, o governo federal criou o Conselho da Amaz\u00f4nia para intervir na regi\u00e3o, coordenado pelo vice-presidente Hamilton Mour\u00e3o. No entanto, mesmo com essa opera\u00e7\u00e3o, os dados demonstram um crescimento vertiginoso do desastre ambiental, e a militariza\u00e7\u00e3o do Estado brasileiro ganha mais espa\u00e7o na quest\u00e3o ambiental.<\/p><p><\/p><p><\/p><\/div><div class=\"ugb-expand__more-text\" style=\"display:none\"><p>Segundo o relat\u00f3rio do MapBiomas, o principal agressor da Floresta Amaz\u00f4nica \u00e9 o especulador que ocupa terras p\u00fablicas, que representam 75% das terras deste bioma. \u201cEstudos mostram que seis de cada dez hectares de floresta desmatada viram pastagens, tr\u00eas acabam abandonados e s\u00f3 um hectare se torna lavoura produtiva\u201d, assim, \u201c\u00e9 esse especulador que precisa ser barrado\u201d, aponta o estudo.<\/p><p>Entretanto, as pol\u00edticas do governo federal para a \u00e1rea intensificam ainda mais esse processo de especula\u00e7\u00e3o. Um exemplo disso \u00e9 o Projeto de Lei 2633\/20, conhecido como o PL da regulariza\u00e7\u00e3o fundi\u00e1ria, que pretende repassar cerca de 65 milh\u00f5es de hectares de terras p\u00fablicas em todo territ\u00f3rio nacional, especialmente na Amaz\u00f4nia, para propriet\u00e1rios de terra.<\/p><p>Diante destes desafios, o&nbsp;<a rel=\"noreferrer noopener\" href=\"https:\/\/www.google.com\/url?q=https%3A%2F%2Fwww.thetricontinental.org%2Fpt-pt%2F&amp;sa=D&amp;sntz=1&amp;usg=AFQjCNHiCT_a_zQIOWAjSYTeAnenyItPjA\" target=\"_blank\"><strong>Instituto Tricontinental de Pesquisa Social<\/strong><\/a><strong>,<\/strong>&nbsp;a&nbsp;<strong>Associa\u00e7\u00e3o Brasileira de Reforma Agr\u00e1ria (ABRA)<\/strong>, o&nbsp;<a rel=\"noreferrer noopener\" href=\"https:\/\/www.google.com\/url?q=https%3A%2F%2Fmst.org.br%2F&amp;sa=D&amp;sntz=1&amp;usg=AFQjCNE69H1J-RW1fA8_1whvO5zHrwffWg\" target=\"_blank\"><strong>Movimento dos Trabalhadores Rurais Sem Terra (MST)<\/strong><\/a>&nbsp;e a editora&nbsp;<strong>Express\u00e3o Popular<\/strong>&nbsp;realizaram&nbsp;o&nbsp;<em>Semin\u00e1rio Regulariza\u00e7\u00e3o fundi\u00e1ria e a destrui\u00e7\u00e3o ambiental<\/em>, com o objetivo de debater a quest\u00e3o ambiental em meio \u00e0 pandemia, o processo de grilagem de terras p\u00fablicas, bem como a militariza\u00e7\u00e3o da Amaz\u00f4nia.<\/p><\/div><div class=\"ugb-expand__toggle-wrapper\"><a class=\"ugb-expand__toggle\" href=\"#\"><span class=\"ugb-expand__more-toggle-text\">Mostrar mais <br><\/span><span class=\"ugb-expand__less-toggle-text\" style=\"display:none\">Mostrar menos<\/span><\/a><\/div><\/div><\/div><\/div>\n\n\n\n<div class=\"wp-block-ugb-blog-posts ugb-blog-posts ugb-2898406 ugb-blog-posts--v2 ugb-blog-posts--design-basic ugb-blog-posts--columns-1 ugb-main-block\"><style>.ugb-2898406 .ugb-blog-posts__featured-image{border-radius:4px !important}.ugb-2898406 .ugb-blog-posts__title a{color:var(--theme-palette-color-3,#915656) !important}.ugb-2898406 .ugb-blog-posts__title a:hover{color:var(--theme-palette-color-1,#d80909) !important}.ugb-2898406 .ugb-blog-posts__title{margin-bottom:-50px !important}.ugb-2898406 .ugb-inner-block{text-align:left}.ugb-2898406 .ugb-block-title{font-family:\"Anton\",Sans-serif !important;font-weight:700 !important;color:var(--theme-palette-color-1,#d80909);margin-bottom:13px !important}@media screen and (min-width:768px){.ugb-2898406.ugb-blog-posts{padding-bottom:35px !important}}@media screen and (min-width:768px){.ugb-2898406 > .ugb-inner-block > .ugb-block-content > *{padding-top:0px !important;padding-bottom:0px !important;padding-right:0px !important;padding-left:0px !important}}<\/style><div class=\"ugb-inner-block\"><h3 class=\"ugb-block-title\">Aulas<\/h3><div class=\"ugb-block-content\"><article class=\"ugb-blog-posts__item\"><div class=\"ugb-blog-posts__content\"><h4 class=\"ugb-blog-posts__title\"><a href=\"https:\/\/formacaoemmovimento.org.br\/?p=4253\">AULA 1 | CONJUNTURA E GEOPOL\u00cdTICA DOS BENS NATURAIS<\/a><\/h4><\/div><\/article><article class=\"ugb-blog-posts__item\"><div class=\"ugb-blog-posts__content\"><h4 class=\"ugb-blog-posts__title\"><a href=\"https:\/\/formacaoemmovimento.org.br\/?p=5402\">aula 2 | Financeiriza\u00e7\u00e3o e quest\u00e3o agr\u00e1ria<\/a><\/h4><\/div><\/article><article class=\"ugb-blog-posts__item\"><div class=\"ugb-blog-posts__content\"><h4 class=\"ugb-blog-posts__title\"><a href=\"https:\/\/formacaoemmovimento.org.br\/?p=4282\">AULA 3|  REGULARIZA\u00c7\u00c3O FUNDI\u00c1RIA E OS FUNDOS DE INVESTIMENTO<\/a><\/h4><\/div><\/article><article class=\"ugb-blog-posts__item\"><div class=\"ugb-blog-posts__content\"><h4 class=\"ugb-blog-posts__title\"><a href=\"https:\/\/formacaoemmovimento.org.br\/?p=4295\">AULA 4 | MEIO AMBIENTE E A MILITARIZA\u00c7\u00c3O DA AMAZ\u00d4NIA<\/a><\/h4><\/div><\/article><article class=\"ugb-blog-posts__item\"><div class=\"ugb-blog-posts__content\"><h4 class=\"ugb-blog-posts__title\"><a href=\"https:\/\/formacaoemmovimento.org.br\/?p=4309\">AULA 5 | SOBERANIA ALIMENTAR E A REFORMA AGR\u00c1RIA POPULAR<\/a><\/h4><\/div><\/article><\/div><\/div><\/div>\n","protected":false},"excerpt":{"rendered":"<p>Nos \u00faltimos anos, o Brasil vem registrando o crescimento do desmatamento e das queimadas em todos os biomas do pa\u00eds, em especial na Amaz\u00f4nia e no Cerrado. O atual desmantelamento dos \u00f3rg\u00e3os de fiscaliza\u00e7\u00e3o e a desregulamenta\u00e7\u00e3o da pol\u00edtica de prote\u00e7\u00e3o ambiental faz parte do projeto pol\u00edtico do governo de Jair Bolsonaro.<\/p>\n<p>N\u00e3o \u00e0 toa, a famosa frase do ministro do Meio Ambiente Ricardo Salles, sobre a necessidade de aproveitar a pandemia para \u201cpassar a boiada\u201d sobre as regulamenta\u00e7\u00f5es ambientais, tem surtido efeito. Dados do Instituto Nacional de Pesquisas Espaciais (Inpe) apontam um crescimento do desmatamento no ano de 2020 superior ao desastre que ocorrera em 2019. Segundo a institui\u00e7\u00e3o, houve um aumento de 34% no desmatamento da Amaz\u00f4nia entre agosto de 2019 \u00e0 julho de 2020.<\/p>\n<p>Diante deste cen\u00e1rio, o governo federal criou o Conselho da Amaz\u00f4nia para intervir na regi\u00e3o, coordenado pelo vice-presidente Hamilton Mour\u00e3o. No entanto, mesmo com essa opera\u00e7\u00e3o, os dados demonstram um crescimento vertiginoso do desastre ambiental, e a militariza\u00e7\u00e3o do Estado brasileiro ganha mais espa\u00e7o na quest\u00e3o ambiental.<\/p>\n","protected":false},"author":10,"featured_media":4441,"parent":1143,"menu_order":0,"comment_status":"closed","ping_status":"closed","template":"","meta":{"footnotes":""},"class_list":["post-4444","page","type-page","status-publish","has-post-thumbnail","hentry"],"blocksy_meta":{"styles_descriptor":{"styles":{"desktop":"","tablet":"","mobile":""},"google_fonts":[],"version":6}},"featured_image_urls_v2":{"full":["https:\/\/formacaoemmovimento.org.br\/wp-content\/uploads\/2021\/12\/destruicao-anbiental.jpg",1920,446,false],"thumbnail":["https:\/\/formacaoemmovimento.org.br\/wp-content\/uploads\/2021\/12\/destruicao-anbiental-150x150.jpg",150,150,true],"medium":["https:\/\/formacaoemmovimento.org.br\/wp-content\/uploads\/2021\/12\/destruicao-anbiental-300x70.jpg",300,70,true],"medium_large":["https:\/\/formacaoemmovimento.org.br\/wp-content\/uploads\/2021\/12\/destruicao-anbiental-768x178.jpg",768,178,true],"large":["https:\/\/formacaoemmovimento.org.br\/wp-content\/uploads\/2021\/12\/destruicao-anbiental-1024x238.jpg",1024,238,true],"1536x1536":["https:\/\/formacaoemmovimento.org.br\/wp-content\/uploads\/2021\/12\/destruicao-anbiental-1536x357.jpg",1536,357,true],"2048x2048":["https:\/\/formacaoemmovimento.org.br\/wp-content\/uploads\/2021\/12\/destruicao-anbiental.jpg",1920,446,false]},"post_excerpt_stackable_v2":"<p>Nos \u00faltimos anos, o Brasil vem registrando o crescimento do desmatamento e das queimadas em todos os biomas do pa\u00eds, em especial na Amaz\u00f4nia e no Cerrado. O atual desmantelamento dos \u00f3rg\u00e3os de fiscaliza\u00e7\u00e3o e a desregulamenta\u00e7\u00e3o da pol\u00edtica de prote\u00e7\u00e3o ambiental faz parte do projeto pol\u00edtico do governo de Jair Bolsonaro.<\/p>\n<p>N\u00e3o \u00e0 toa, a famosa frase do ministro do Meio Ambiente Ricardo Salles, sobre a necessidade de aproveitar a pandemia para \u201cpassar a boiada\u201d sobre as regulamenta\u00e7\u00f5es ambientais, tem surtido efeito. Dados do Instituto Nacional de Pesquisas Espaciais (Inpe) apontam um crescimento do desmatamento no ano de 2020 superior ao desastre que ocorrera em 2019. Segundo a institui\u00e7\u00e3o, houve um aumento de 34% no desmatamento da Amaz\u00f4nia entre agosto de 2019 \u00e0 julho de 2020.<\/p>\n<p>Diante deste cen\u00e1rio, o governo federal criou o Conselho da Amaz\u00f4nia para intervir na regi\u00e3o, coordenado pelo vice-presidente Hamilton Mour\u00e3o. No entanto, mesmo com essa opera\u00e7\u00e3o, os dados demonstram um crescimento vertiginoso do desastre ambiental, e a militariza\u00e7\u00e3o do Estado brasileiro ganha mais espa\u00e7o na quest\u00e3o ambiental.<\/p>\n","category_list_v2":"","author_info_v2":{"name":"fernanda costa","url":"https:\/\/formacaoemmovimento.org.br\/?author=10"},"comments_num_v2":"0 coment\u00e1rio","_links":{"self":[{"href":"https:\/\/formacaoemmovimento.org.br\/index.php?rest_route=\/wp\/v2\/pages\/4444","targetHints":{"allow":["GET"]}}],"collection":[{"href":"https:\/\/formacaoemmovimento.org.br\/index.php?rest_route=\/wp\/v2\/pages"}],"about":[{"href":"https:\/\/formacaoemmovimento.org.br\/index.php?rest_route=\/wp\/v2\/types\/page"}],"author":[{"embeddable":true,"href":"https:\/\/formacaoemmovimento.org.br\/index.php?rest_route=\/wp\/v2\/users\/10"}],"replies":[{"embeddable":true,"href":"https:\/\/formacaoemmovimento.org.br\/index.php?rest_route=%2Fwp%2Fv2%2Fcomments&post=4444"}],"version-history":[{"count":8,"href":"https:\/\/formacaoemmovimento.org.br\/index.php?rest_route=\/wp\/v2\/pages\/4444\/revisions"}],"predecessor-version":[{"id":5815,"href":"https:\/\/formacaoemmovimento.org.br\/index.php?rest_route=\/wp\/v2\/pages\/4444\/revisions\/5815"}],"up":[{"embeddable":true,"href":"https:\/\/formacaoemmovimento.org.br\/index.php?rest_route=\/wp\/v2\/pages\/1143"}],"wp:featuredmedia":[{"embeddable":true,"href":"https:\/\/formacaoemmovimento.org.br\/index.php?rest_route=\/wp\/v2\/media\/4441"}],"wp:attachment":[{"href":"https:\/\/formacaoemmovimento.org.br\/index.php?rest_route=%2Fwp%2Fv2%2Fmedia&parent=4444"}],"curies":[{"name":"wp","href":"https:\/\/api.w.org\/{rel}","templated":true}]}}