{"id":3279,"date":"2021-11-11T15:44:38","date_gmt":"2021-11-11T18:44:38","guid":{"rendered":"https:\/\/formacaoemmovimento.org.br\/?page_id=3279"},"modified":"2025-06-17T16:44:44","modified_gmt":"2025-06-17T19:44:44","slug":"plantar-arvores-produzir-alimentos-saudaveis","status":"publish","type":"page","link":"https:\/\/formacaoemmovimento.org.br\/?page_id=3279","title":{"rendered":"Plantar \u00c1rvores, Produzir Alimentos Saud\u00e1veis"},"content":{"rendered":"\n<div class=\"alignfull wp-block-ugb-text ugb-text ugb-491e63f ugb-text--design-plain ugb-text--columns-1 ugb-main-block ugb-main-block--inner-center ugb--has-block-background\"><style>.ugb-491e63f .ugb-text__title{color:var(--theme-palette-color-1,#d80909);text-align:left}.ugb-491e63f .ugb-text__text p{font-family:\"Roboto\",Sans-serif !important;font-size:35px !important;font-weight:700 !important;color:var(--theme-palette-color-1,#d80909)}.ugb-491e63f .ugb-inner-block{text-align:left}.ugb-491e63f.ugb-text{background-color:var(--theme-palette-color-8,#ffffff)}.ugb-491e63f.ugb-text:before{background-color:var(--theme-palette-color-8,#ffffff)}@media screen and (min-width:768px){.ugb-491e63f.ugb-text{padding-top:0px !important;padding-right:35px !important;padding-bottom:26px !important;padding-left:35px !important}}@media screen and (max-width:768px){.ugb-491e63f .ugb-text__text p{font-size:20px !important}}<\/style><div class=\"ugb-inner-block ugb-inner-block--center\"><div class=\"ugb-block-content\"><div class=\"ugb-text__title-wrapper\"><h2 class=\"ugb-text__title\">Plantar \u00c1rvores, Produzir Alimentos Saud\u00e1veis<\/h2><\/div><div class=\"ugb-text__text-wrapper\"><div class=\"ugb-text__text\"><p class=\"ugb-text__text-1\"><\/p><\/div><\/div><\/div><\/div><\/div>\n\n\n\n<div class=\"wp-block-ugb-expand ugb-expand ugb-2670207 ugb-expand--v2 ugb-main-block\" aria-expanded=\"false\"><style>.ugb-2670207 .ugb-expand__less-text p,.ugb-2670207 .ugb-expand__more-text p{font-size:18px !important}<\/style><div class=\"ugb-inner-block\"><div class=\"ugb-block-content\"><h4 class=\"ugb-expand__title\">Apresenta\u00e7\u00e3o<\/h4><div class=\"ugb-expand__less-text\"><p>\ud83c\udf33\ud83d\udea9 <strong>Entendendo a proposta<\/strong><\/p><p>O Curso Nacional de Forma\u00e7\u00e3o do Plano \u201cPlantar \u00e1rvores, Produzir Alimentos Saud\u00e1veis\u201d busca oferecer os elementos fundamentais para a constru\u00e7\u00e3o de uma base conceitual geral sobre a \u201cQuest\u00e3o Ambiental\u201d no \u00e2mbito da \u201cReforma Agr\u00e1ria Popular\u201d, subsidiando diferentes temas que relacionam a produ\u00e7\u00e3o de alimentos saud\u00e1veis e o cuidado com os bens comuns, de acordo com as especificidades e caracter\u00edsticas das regi\u00f5es e dos biomas brasileiros.<\/p><p>Pensando de maneira mais espec\u00edfica, pretendemos dar organicidade e enraizar em nossa base, o Plano Nacional &#8220;Plantar \u00e1rvores, produzir alimentos saud\u00e1veis&#8221;. Al\u00e9m de estimular a forma\u00e7\u00e3o de militantes como &#8220;guardi\u00f5es da biodiversidade no MST&#8221;, vinculando-os \u00e0s nossas escolas e centros, um projeto de cuidado com os bens comuns nos biomas e regi\u00f5es onde est\u00e3o inseridos. Orientar os planejamentos estaduais, quest\u00f5es t\u00e9cnicas e pr\u00e1ticas relacionadas ao plantio de \u00e1rvores nos territ\u00f3rios, tamb\u00e9m est\u00e1 no nosso horizonte.<\/p><p>O curso busca em suas reflex\u00f5es e aprendizados, portanto, ampliar os processos organizativos e do planejamento do Plano Nacional nos territ\u00f3rios.<\/p><p>Nesse sentido, a articula\u00e7\u00e3o de espa\u00e7os de estudo e reflex\u00e3o te\u00f3rica, bem como, de constru\u00e7\u00e3o e viv\u00eancias nos acampamentos e assentamentos, s\u00e3o dimens\u00f5es fundamentais da concep\u00e7\u00e3o de forma\u00e7\u00e3o desse curso.<\/p><p><\/p><\/div><div class=\"ugb-expand__more-text\" style=\"display:none\"><p>\ud83c\udf33\ud83d\udea9&nbsp;<strong>Dialogando com o tema<\/strong><\/p><p>O Brasil apresenta uma grande diversidade de caracter\u00edsticas naturais: solo, vegeta\u00e7\u00e3o, fauna e clima s\u00e3o caracter\u00edsticas que, a depender do lugar do pa\u00eds em que estamos, variam bruscamente. No mesmo \u201cBrasil\u201d, podemos encontrar solos pedregosos, secos e de vegeta\u00e7\u00e3o baixa, como tamb\u00e9m, solos de massap\u00e9, \u00famido e com \u00e1rvores de grande porte.<\/p><p>S\u00e3o caracter\u00edsticas como essas, que, quando somadas \u00e0 geologia e ao clima, ajudam a delimitar o que se chama de bioma brasileiro. S\u00e3o espa\u00e7os com din\u00e2micas pr\u00f3prias que, por conta disso, tamb\u00e9m gera uma cultura pr\u00f3pria, uma forma de fazer muito t\u00edpica do local.<\/p><p>Mas para al\u00e9m das caracter\u00edsticas semelhantes de uma mesma forma\u00e7\u00e3o vegetal, de fauna, de clima, de relevo, de solo, de cultura, etc&#8230;, um bioma tamb\u00e9m possui um mesmo processo hist\u00f3rico de forma\u00e7\u00e3o e consolida\u00e7\u00e3o, resultando em uma biodiversidade pr\u00f3pria. No territ\u00f3rio nacional encontramos seis biomas, quais sejam: Mata Atl\u00e2ntica, Amaz\u00f4nia, Pampa, Cerrado, Caatinga e Pantanal.<\/p><\/div><div class=\"ugb-expand__toggle-wrapper\"><a class=\"ugb-expand__toggle\" href=\"#\"><span class=\"ugb-expand__more-toggle-text\">Mostrar mais <br><\/span><span class=\"ugb-expand__less-toggle-text\" style=\"display:none\">Mostrar menos<\/span><\/a><\/div><\/div><\/div><\/div>\n\n\n\n<div class=\"wp-block-ugb-blog-posts ugb-blog-posts ugb-2898406 ugb-blog-posts--v2 ugb-blog-posts--design-basic ugb-blog-posts--columns-1 ugb-main-block ugb--has-bottom-separator\"><style>.ugb-2898406 .ugb-blog-posts__featured-image{border-radius:4px !important}.ugb-2898406 .ugb-blog-posts__title a{color:var(--theme-palette-color-3,#915656) !important}.ugb-2898406 .ugb-blog-posts__title a:hover{color:var(--theme-palette-color-1,#d80909) !important}.ugb-2898406 .ugb-blog-posts__title{margin-bottom:-50px !important}.ugb-2898406 .ugb-inner-block{text-align:left}.ugb-2898406 .ugb-block-title{font-family:\"Anton\",Sans-serif !important;font-weight:700 !important;color:var(--theme-palette-color-1,#d80909);margin-bottom:13px !important}@media screen and (min-width:768px){.ugb-2898406.ugb-blog-posts{padding-bottom:35px !important}}@media screen and (min-width:768px){.ugb-2898406 > .ugb-inner-block > .ugb-block-content > *{padding-top:0px !important;padding-bottom:0px !important;padding-right:0px !important;padding-left:0px !important}}<\/style><div class=\"ugb-bottom-separator\"><div class=\"ugb-separator-wrapper\"><svg xmlns=\"http:\/\/www.w3.org\/2000\/svg\" viewbox=\"0 0 1600 200\" filter=\"url(#straight-1-shadow_svg__a)\" enablebackground=\"new 0 0 1600 200\" class=\"ugb-separator__shadow\" preserveaspectratio=\"none\" aria-hidden=\"true\"><filter id=\"straight-1-shadow_svg__a\"><feGaussianBlur in=\"SourceAlpha\" stddeviation=\"4\"><\/feGaussianBlur><feComponentTransfer><feFuncA type=\"linear\" slope=\"0.4\"><\/feFuncA><\/feComponentTransfer><feMerge><feMergeNode><\/feMergeNode><feMergeNode in=\"SourceGraphic\"><\/feMergeNode><\/feMerge><\/filter><path d=\"M-10 121.6h1620v-16.4H-10z\"><\/path><\/svg><svg xmlns=\"http:\/\/www.w3.org\/2000\/svg\" viewbox=\"0 0 1600 200\" class=\"ugb-separator__layer-1\" preserveaspectratio=\"none\" aria-hidden=\"true\"><path d=\"M-10 210h1620V105.2H-10z\"><\/path><\/svg><\/div><\/div><div class=\"ugb-inner-block\"><h3 class=\"ugb-block-title\">Aulas<\/h3><div class=\"ugb-block-content\"><article class=\"ugb-blog-posts__item\"><div class=\"ugb-blog-posts__content\"><h4 class=\"ugb-blog-posts__title\"><a href=\"https:\/\/formacaoemmovimento.org.br\/?p=1177\">Aula 1 | An\u00e1lise de Conjuntura agr\u00e1ria e ambiental<\/a><\/h4><\/div><\/article><article class=\"ugb-blog-posts__item\"><div class=\"ugb-blog-posts__content\"><h4 class=\"ugb-blog-posts__title\"><a href=\"https:\/\/formacaoemmovimento.org.br\/?p=1180\">aula 2 | Economia Pol\u00edtica da quest\u00e3o ambiental<\/a><\/h4><\/div><\/article><article class=\"ugb-blog-posts__item\"><div class=\"ugb-blog-posts__content\"><h4 class=\"ugb-blog-posts__title\"><a href=\"https:\/\/formacaoemmovimento.org.br\/?p=1184\">AULA 3 | Reforma Agr\u00e1ria Popular e agroecologia no MST<\/a><\/h4><\/div><\/article><article class=\"ugb-blog-posts__item\"><div class=\"ugb-blog-posts__content\"><h4 class=\"ugb-blog-posts__title\"><a href=\"https:\/\/formacaoemmovimento.org.br\/?p=1187\">aula 4 | Sementes<\/a><\/h4><\/div><\/article><article class=\"ugb-blog-posts__item\"><div class=\"ugb-blog-posts__content\"><h4 class=\"ugb-blog-posts__title\"><a href=\"https:\/\/formacaoemmovimento.org.br\/?p=1190\">aula 5 | Produ\u00e7\u00e3o de mudas e viveiros<\/a><\/h4><\/div><\/article><article class=\"ugb-blog-posts__item\"><div class=\"ugb-blog-posts__content\"><h4 class=\"ugb-blog-posts__title\"><a href=\"https:\/\/formacaoemmovimento.org.br\/?p=1192\">aula 6 | Agroflorestas<\/a><\/h4><\/div><\/article><article class=\"ugb-blog-posts__item\"><div class=\"ugb-blog-posts__content\"><h4 class=\"ugb-blog-posts__title\"><a href=\"https:\/\/formacaoemmovimento.org.br\/?p=4070\">AULA 7 | RECUPERA\u00c7\u00c3O DA APP&#8217;S<\/a><\/h4><\/div><\/article><article class=\"ugb-blog-posts__item\"><div class=\"ugb-blog-posts__content\"><h4 class=\"ugb-blog-posts__title\"><a href=\"https:\/\/formacaoemmovimento.org.br\/?p=4093\">aula 8 | PLANEJAMENTO<\/a><\/h4><\/div><\/article><\/div><\/div><\/div>\n","protected":false},"excerpt":{"rendered":"<p>O Curso Nacional de Forma\u00e7\u00e3o do Plano \u201cPlantar \u00e1rvores, Produzir Alimentos Saud\u00e1veis\u201d busca oferecer os elementos fundamentais para a constru\u00e7\u00e3o de uma base conceitual geral sobre a \u201cQuest\u00e3o Ambiental\u201d no \u00e2mbito da \u201cReforma Agr\u00e1ria Popular\u201d, subsidiando diferentes temas que relacionam a produ\u00e7\u00e3o de alimentos saud\u00e1veis e o cuidado com os bens comuns, de acordo com as especificidades e caracter\u00edsticas das regi\u00f5es e dos biomas brasileiros.<\/p>\n<p>Pensando de maneira mais espec\u00edfica, pretendemos dar organicidade e enraizar em nossa base, o Plano Nacional &#8220;Plantar \u00e1rvores, produzir alimentos saud\u00e1veis&#8221;. Al\u00e9m de estimular a forma\u00e7\u00e3o de militantes como &#8220;guardi\u00f5es da biodiversidade no MST&#8221;, vinculando-os \u00e0s nossas escolas e centros, um projeto de cuidado com os bens comuns nos biomas e regi\u00f5es onde est\u00e3o inseridos. Orientar os planejamentos estaduais, quest\u00f5es t\u00e9cnicas e pr\u00e1ticas relacionadas ao plantio de \u00e1rvores nos territ\u00f3rios, tamb\u00e9m est\u00e1 no nosso horizonte.<\/p>\n<p>O curso busca em suas reflex\u00f5es e aprendizados, portanto, ampliar os processos organizativos e do planejamento do Plano Nacional nos territ\u00f3rios.<\/p>\n<p>Nesse sentido, a articula\u00e7\u00e3o de espa\u00e7os de estudo e reflex\u00e3o te\u00f3rica, bem como, de constru\u00e7\u00e3o e viv\u00eancias nos acampamentos e assentamentos, s\u00e3o dimens\u00f5es fundamentais da concep\u00e7\u00e3o de forma\u00e7\u00e3o desse curso.<\/p>\n","protected":false},"author":10,"featured_media":3929,"parent":1143,"menu_order":0,"comment_status":"closed","ping_status":"closed","template":"","meta":{"footnotes":""},"class_list":["post-3279","page","type-page","status-publish","has-post-thumbnail","hentry"],"blocksy_meta":{"styles_descriptor":{"styles":{"desktop":"","tablet":"","mobile":""},"google_fonts":[],"version":6}},"featured_image_urls_v2":{"full":["https:\/\/formacaoemmovimento.org.br\/wp-content\/uploads\/2021\/11\/Plantar-arvores.jpg",1920,446,false],"thumbnail":["https:\/\/formacaoemmovimento.org.br\/wp-content\/uploads\/2021\/11\/Plantar-arvores-150x150.jpg",150,150,true],"medium":["https:\/\/formacaoemmovimento.org.br\/wp-content\/uploads\/2021\/11\/Plantar-arvores-300x70.jpg",300,70,true],"medium_large":["https:\/\/formacaoemmovimento.org.br\/wp-content\/uploads\/2021\/11\/Plantar-arvores-768x178.jpg",768,178,true],"large":["https:\/\/formacaoemmovimento.org.br\/wp-content\/uploads\/2021\/11\/Plantar-arvores-1024x238.jpg",1024,238,true],"1536x1536":["https:\/\/formacaoemmovimento.org.br\/wp-content\/uploads\/2021\/11\/Plantar-arvores-1536x357.jpg",1536,357,true],"2048x2048":["https:\/\/formacaoemmovimento.org.br\/wp-content\/uploads\/2021\/11\/Plantar-arvores.jpg",1920,446,false]},"post_excerpt_stackable_v2":"<p>O Curso Nacional de Forma\u00e7\u00e3o do Plano \u201cPlantar \u00e1rvores, Produzir Alimentos Saud\u00e1veis\u201d busca oferecer os elementos fundamentais para a constru\u00e7\u00e3o de uma base conceitual geral sobre a \u201cQuest\u00e3o Ambiental\u201d no \u00e2mbito da \u201cReforma Agr\u00e1ria Popular\u201d, subsidiando diferentes temas que relacionam a produ\u00e7\u00e3o de alimentos saud\u00e1veis e o cuidado com os bens comuns, de acordo com as especificidades e caracter\u00edsticas das regi\u00f5es e dos biomas brasileiros.<\/p>\n<p>Pensando de maneira mais espec\u00edfica, pretendemos dar organicidade e enraizar em nossa base, o Plano Nacional &#8220;Plantar \u00e1rvores, produzir alimentos saud\u00e1veis&#8221;. Al\u00e9m de estimular a forma\u00e7\u00e3o de militantes como &#8220;guardi\u00f5es da biodiversidade no MST&#8221;, vinculando-os \u00e0s nossas escolas e centros, um projeto de cuidado com os bens comuns nos biomas e regi\u00f5es onde est\u00e3o inseridos. Orientar os planejamentos estaduais, quest\u00f5es t\u00e9cnicas e pr\u00e1ticas relacionadas ao plantio de \u00e1rvores nos territ\u00f3rios, tamb\u00e9m est\u00e1 no nosso horizonte.<\/p>\n<p>O curso busca em suas reflex\u00f5es e aprendizados, portanto, ampliar os processos organizativos e do planejamento do Plano Nacional nos territ\u00f3rios.<\/p>\n<p>Nesse sentido, a articula\u00e7\u00e3o de espa\u00e7os de estudo e reflex\u00e3o te\u00f3rica, bem como, de constru\u00e7\u00e3o e viv\u00eancias nos acampamentos e assentamentos, s\u00e3o dimens\u00f5es fundamentais da concep\u00e7\u00e3o de forma\u00e7\u00e3o desse curso.<\/p>\n","category_list_v2":"","author_info_v2":{"name":"fernanda costa","url":"https:\/\/formacaoemmovimento.org.br\/?author=10"},"comments_num_v2":"0 coment\u00e1rio","_links":{"self":[{"href":"https:\/\/formacaoemmovimento.org.br\/index.php?rest_route=\/wp\/v2\/pages\/3279","targetHints":{"allow":["GET"]}}],"collection":[{"href":"https:\/\/formacaoemmovimento.org.br\/index.php?rest_route=\/wp\/v2\/pages"}],"about":[{"href":"https:\/\/formacaoemmovimento.org.br\/index.php?rest_route=\/wp\/v2\/types\/page"}],"author":[{"embeddable":true,"href":"https:\/\/formacaoemmovimento.org.br\/index.php?rest_route=\/wp\/v2\/users\/10"}],"replies":[{"embeddable":true,"href":"https:\/\/formacaoemmovimento.org.br\/index.php?rest_route=%2Fwp%2Fv2%2Fcomments&post=3279"}],"version-history":[{"count":9,"href":"https:\/\/formacaoemmovimento.org.br\/index.php?rest_route=\/wp\/v2\/pages\/3279\/revisions"}],"predecessor-version":[{"id":5236,"href":"https:\/\/formacaoemmovimento.org.br\/index.php?rest_route=\/wp\/v2\/pages\/3279\/revisions\/5236"}],"up":[{"embeddable":true,"href":"https:\/\/formacaoemmovimento.org.br\/index.php?rest_route=\/wp\/v2\/pages\/1143"}],"wp:featuredmedia":[{"embeddable":true,"href":"https:\/\/formacaoemmovimento.org.br\/index.php?rest_route=\/wp\/v2\/media\/3929"}],"wp:attachment":[{"href":"https:\/\/formacaoemmovimento.org.br\/index.php?rest_route=%2Fwp%2Fv2%2Fmedia&parent=3279"}],"curies":[{"name":"wp","href":"https:\/\/api.w.org\/{rel}","templated":true}]}}