{"id":28,"date":"2021-05-06T13:54:02","date_gmt":"2021-05-06T16:54:02","guid":{"rendered":"https:\/\/formacaoemmovimento.org.br\/?page_id=28"},"modified":"2025-06-17T16:46:28","modified_gmt":"2025-06-17T19:46:28","slug":"cursos","status":"publish","type":"page","link":"https:\/\/formacaoemmovimento.org.br\/?page_id=28","title":{"rendered":"CURSOS"},"content":{"rendered":"\n<div class=\"alignfull wp-block-ugb-container ugb-container ugb-439493f ugb-container--v2 ugb-container--design-plain ugb-main-block\"><style>.ugb-439493f-wrapper > .ugb-container__side{padding-top:35px !important;padding-bottom:35px !important}.ugb-439493f-wrapper.ugb-container__wrapper{padding-top:0 !important;padding-bottom:0 !important}<\/style><div class=\"ugb-inner-block\"><div class=\"ugb-block-content\"><div class=\"ugb-container__wrapper ugb-439493f-wrapper\"><div class=\"ugb-container__side\"><div class=\"ugb-container__content-wrapper ugb-439493f-content-wrapper\">\n<div class=\"wp-block-ugb-heading ugb-heading ugb-92f7257 ugb-main-block\"><style>.ugb-92f7257 .ugb-heading__title{color:var(--theme-palette-color-1,#d80909)}<\/style><div class=\"ugb-inner-block\"><div class=\"ugb-block-content\"><h1 class=\"ugb-heading__title\"><a href=\"https:\/\/formacaoemmovimento.org.br\/?page_id=1143\" data-type=\"URL\" data-id=\"https:\/\/formacaoemmovimento.org.br\/?page_id=1143\"><strong><span style=\"color: var(--theme-palette-color-1, #d80909);\" class=\"ugb-highlight\">CURSOS COMPLETOS<\/span><\/strong><\/a><\/h1><\/div><\/div><\/div>\n\n\n        <div class=\"wp-block-getwid-custom-post-type custom-post-type-page has-layout-list\">\n            <div class=\"wp-block-getwid-custom-post-type__wrapper\">\n                \t\t\t\t\t\t\t\t<div class='wp-block-getwid-custom-post-type__post'>\n\t\t\t\t\t\t\t\t\t\n<div class=\"wp-block-columns is-layout-flex wp-container-core-columns-is-layout-28f84493 wp-block-columns-is-layout-flex\">\n<div class=\"wp-block-column is-layout-flow wp-block-column-is-layout-flow\">\n<div class=\"wp-block-getwid-template-post-featured-image\" >\n            <a href=\"https:\/\/formacaoemmovimento.org.br\/?page_id=4948\">\n        <img loading=\"lazy\" decoding=\"async\" width=\"1290\" height=\"300\" src=\"https:\/\/formacaoemmovimento.org.br\/wp-content\/uploads\/2022\/02\/ciclo-flroestan.jpg\" class=\"attachment-full size-full wp-post-image\" alt=\"Ciclo de Estudos: A Atualidade do Pensamento de Florestan Fernandes\" srcset=\"https:\/\/formacaoemmovimento.org.br\/wp-content\/uploads\/2022\/02\/ciclo-flroestan.jpg 1290w, https:\/\/formacaoemmovimento.org.br\/wp-content\/uploads\/2022\/02\/ciclo-flroestan-300x70.jpg 300w, https:\/\/formacaoemmovimento.org.br\/wp-content\/uploads\/2022\/02\/ciclo-flroestan-1024x238.jpg 1024w, https:\/\/formacaoemmovimento.org.br\/wp-content\/uploads\/2022\/02\/ciclo-flroestan-768x179.jpg 768w\" sizes=\"auto, (max-width: 1290px) 100vw, 1290px\" \/>            <\/a>\n    <\/div>\n<\/div>\n\n\n\n<div class=\"wp-block-column is-layout-flow wp-block-column-is-layout-flow\">\n<div class=\"wp-block-getwid-template-post-content is-excerpt\" ><p>Neste ano de 2022 vamos realizar tr\u00eas momentos para debatermos a obra e pensamento de Florestan Fernandes. Estamos denominando de Ciclo de Estudos onde contaremos com a contribui\u00e7\u00e3o de professoras e professores que auxiliar\u00e1 o entendimento e reflex\u00e3o sobre determinadas tem\u00e1ticas. O Ciclo \u00e9 aberto a todas pessoas que quiserem participar e ocorrer\u00e1 de forma&hellip;<\/p><\/div>\n\n\n\n<div class=\"wp-block-getwid-template-post-link has-text-color has-palette-color-3-color\" >\n    <a href=\"https:\/\/formacaoemmovimento.org.br\/?page_id=4948\"><strong>Continue lendo<\/strong><\/a>\n<\/div>\n<\/div>\n<\/div>\n\t\t\t\t\t\t\t\t<\/div>\n\t\t\t\t\t\t\t\t\t\t\t\t\t\t\t<div class='wp-block-getwid-custom-post-type__post'>\n\t\t\t\t\t\t\t\t\t\n<div class=\"wp-block-columns is-layout-flex wp-container-core-columns-is-layout-28f84493 wp-block-columns-is-layout-flex\">\n<div class=\"wp-block-column is-layout-flow wp-block-column-is-layout-flow\">\n<div class=\"wp-block-getwid-template-post-featured-image\" >\n            <a href=\"https:\/\/formacaoemmovimento.org.br\/?page_id=4739\">\n        <img loading=\"lazy\" decoding=\"async\" width=\"1290\" height=\"300\" src=\"https:\/\/formacaoemmovimento.org.br\/wp-content\/uploads\/2022\/02\/capa-seminario-final-1.png\" class=\"attachment-full size-full wp-post-image\" alt=\"Semin\u00e1rio Nacional de Forma\u00e7\u00e3o \u201cA Conjuntura e os Desafios para a classe trabalhadora\u201d\" srcset=\"https:\/\/formacaoemmovimento.org.br\/wp-content\/uploads\/2022\/02\/capa-seminario-final-1.png 1290w, https:\/\/formacaoemmovimento.org.br\/wp-content\/uploads\/2022\/02\/capa-seminario-final-1-300x70.png 300w, https:\/\/formacaoemmovimento.org.br\/wp-content\/uploads\/2022\/02\/capa-seminario-final-1-1024x238.png 1024w, https:\/\/formacaoemmovimento.org.br\/wp-content\/uploads\/2022\/02\/capa-seminario-final-1-768x179.png 768w\" sizes=\"auto, (max-width: 1290px) 100vw, 1290px\" \/>            <\/a>\n    <\/div>\n<\/div>\n\n\n\n<div class=\"wp-block-column is-layout-flow wp-block-column-is-layout-flow\">\n<div class=\"wp-block-getwid-template-post-content is-excerpt\" ><p>Aconteceu no in\u00edcio de 2022 o Semin\u00e1rio Nacional de Forma\u00e7\u00e3o \u201cA Conjuntura e os Desafios para a classe trabalhadora\u201d. O semin\u00e1rio foi realizado de modo virtual e dirigido \u00e0 milit\u00e2ncia do campo popular brasileiro, com o objetivo de estudar sobre alguns temas estruturais e conjunturais necess\u00e1rios para a compreens\u00e3o da luta de classe diante do&hellip;<\/p><\/div>\n\n\n\n<div class=\"wp-block-getwid-template-post-link has-text-color has-palette-color-3-color\" >\n    <a href=\"https:\/\/formacaoemmovimento.org.br\/?page_id=4739\"><strong>Continue lendo<\/strong><\/a>\n<\/div>\n<\/div>\n<\/div>\n\t\t\t\t\t\t\t\t<\/div>\n\t\t\t\t\t\t\t\t\t\t\t\t\t\t\t<div class='wp-block-getwid-custom-post-type__post'>\n\t\t\t\t\t\t\t\t\t\n<div class=\"wp-block-columns is-layout-flex wp-container-core-columns-is-layout-28f84493 wp-block-columns-is-layout-flex\">\n<div class=\"wp-block-column is-layout-flow wp-block-column-is-layout-flow\">\n<div class=\"wp-block-getwid-template-post-featured-image\" >\n            <a href=\"https:\/\/formacaoemmovimento.org.br\/?page_id=4444\">\n        <img loading=\"lazy\" decoding=\"async\" width=\"1920\" height=\"446\" src=\"https:\/\/formacaoemmovimento.org.br\/wp-content\/uploads\/2021\/12\/destruicao-anbiental.jpg\" class=\"attachment-full size-full wp-post-image\" alt=\"Regulariza\u00e7\u00e3o Fundi\u00e1ria e Destrui\u00e7\u00e3o Ambiental\" srcset=\"https:\/\/formacaoemmovimento.org.br\/wp-content\/uploads\/2021\/12\/destruicao-anbiental.jpg 1920w, https:\/\/formacaoemmovimento.org.br\/wp-content\/uploads\/2021\/12\/destruicao-anbiental-300x70.jpg 300w, https:\/\/formacaoemmovimento.org.br\/wp-content\/uploads\/2021\/12\/destruicao-anbiental-1024x238.jpg 1024w, https:\/\/formacaoemmovimento.org.br\/wp-content\/uploads\/2021\/12\/destruicao-anbiental-768x178.jpg 768w, https:\/\/formacaoemmovimento.org.br\/wp-content\/uploads\/2021\/12\/destruicao-anbiental-1536x357.jpg 1536w\" sizes=\"auto, (max-width: 1920px) 100vw, 1920px\" \/>            <\/a>\n    <\/div>\n<\/div>\n\n\n\n<div class=\"wp-block-column is-layout-flow wp-block-column-is-layout-flow\">\n<div class=\"wp-block-getwid-template-post-content is-excerpt\" ><p>Nos \u00faltimos anos, o Brasil vem registrando o crescimento do desmatamento e das queimadas em todos os biomas do pa\u00eds, em especial na Amaz\u00f4nia e no Cerrado. O atual desmantelamento dos \u00f3rg\u00e3os de fiscaliza\u00e7\u00e3o e a desregulamenta\u00e7\u00e3o da pol\u00edtica de prote\u00e7\u00e3o ambiental faz parte do projeto pol\u00edtico do governo de Jair Bolsonaro. N\u00e3o \u00e0 toa,&hellip;<\/p><\/div>\n\n\n\n<div class=\"wp-block-getwid-template-post-link has-text-color has-palette-color-3-color\" >\n    <a href=\"https:\/\/formacaoemmovimento.org.br\/?page_id=4444\"><strong>Continue lendo<\/strong><\/a>\n<\/div>\n<\/div>\n<\/div>\n\t\t\t\t\t\t\t\t<\/div>\n\t\t\t\t\t\t\t\t\t\t\t\t\t\t\t<div class='wp-block-getwid-custom-post-type__post'>\n\t\t\t\t\t\t\t\t\t\n<div class=\"wp-block-columns is-layout-flex wp-container-core-columns-is-layout-28f84493 wp-block-columns-is-layout-flex\">\n<div class=\"wp-block-column is-layout-flow wp-block-column-is-layout-flow\">\n<div class=\"wp-block-getwid-template-post-featured-image\" >\n            <a href=\"https:\/\/formacaoemmovimento.org.br\/?page_id=4332\">\n        <img loading=\"lazy\" decoding=\"async\" width=\"1920\" height=\"446\" src=\"https:\/\/formacaoemmovimento.org.br\/wp-content\/uploads\/2021\/12\/estudando-rosa.jpg\" class=\"attachment-full size-full wp-post-image\" alt=\"Estudando Rosa Luxemburgo\" srcset=\"https:\/\/formacaoemmovimento.org.br\/wp-content\/uploads\/2021\/12\/estudando-rosa.jpg 1920w, https:\/\/formacaoemmovimento.org.br\/wp-content\/uploads\/2021\/12\/estudando-rosa-300x70.jpg 300w, https:\/\/formacaoemmovimento.org.br\/wp-content\/uploads\/2021\/12\/estudando-rosa-1024x238.jpg 1024w, https:\/\/formacaoemmovimento.org.br\/wp-content\/uploads\/2021\/12\/estudando-rosa-768x178.jpg 768w, https:\/\/formacaoemmovimento.org.br\/wp-content\/uploads\/2021\/12\/estudando-rosa-1536x357.jpg 1536w\" sizes=\"auto, (max-width: 1920px) 100vw, 1920px\" \/>            <\/a>\n    <\/div>\n<\/div>\n\n\n\n<div class=\"wp-block-column is-layout-flow wp-block-column-is-layout-flow\">\n<div class=\"wp-block-getwid-template-post-content is-excerpt\" ><p>A conjuntura atual de nosso pa\u00eds, nos faz vivenciar tempos mais dif\u00edceis do que j\u00e1 t\u00ednhamos passado. Seja pelas incertezas que a pandemia nos trouxe, seja pelas medidas adotadas por algumas autoridades como forma de &quot;resolver&quot; a propaga\u00e7\u00e3o e contagio do Covid, seja pelas incertezas do dia seguinte, ou mesmo, pelas incertezas do mundo p\u00f3s-covid,&hellip;<\/p><\/div>\n\n\n\n<div class=\"wp-block-getwid-template-post-link has-text-color has-palette-color-3-color\" >\n    <a href=\"https:\/\/formacaoemmovimento.org.br\/?page_id=4332\"><strong>Continue lendo<\/strong><\/a>\n<\/div>\n<\/div>\n<\/div>\n\t\t\t\t\t\t\t\t<\/div>\n\t\t\t\t\t\t\t\t\t\t\t\t\t\t\t<div class='wp-block-getwid-custom-post-type__post'>\n\t\t\t\t\t\t\t\t\t\n<div class=\"wp-block-columns is-layout-flex wp-container-core-columns-is-layout-28f84493 wp-block-columns-is-layout-flex\">\n<div class=\"wp-block-column is-layout-flow wp-block-column-is-layout-flow\">\n<div class=\"wp-block-getwid-template-post-featured-image\" >\n            <a href=\"https:\/\/formacaoemmovimento.org.br\/?page_id=4123\">\n        <img loading=\"lazy\" decoding=\"async\" width=\"1920\" height=\"446\" src=\"https:\/\/formacaoemmovimento.org.br\/wp-content\/uploads\/2021\/12\/feminismo-e-antiracismo.png\" class=\"attachment-full size-full wp-post-image\" alt=\"Feminismo, Antirracismo e Luta de Classes\" srcset=\"https:\/\/formacaoemmovimento.org.br\/wp-content\/uploads\/2021\/12\/feminismo-e-antiracismo.png 1920w, https:\/\/formacaoemmovimento.org.br\/wp-content\/uploads\/2021\/12\/feminismo-e-antiracismo-300x70.png 300w, https:\/\/formacaoemmovimento.org.br\/wp-content\/uploads\/2021\/12\/feminismo-e-antiracismo-1024x238.png 1024w, https:\/\/formacaoemmovimento.org.br\/wp-content\/uploads\/2021\/12\/feminismo-e-antiracismo-768x178.png 768w, https:\/\/formacaoemmovimento.org.br\/wp-content\/uploads\/2021\/12\/feminismo-e-antiracismo-1536x357.png 1536w\" sizes=\"auto, (max-width: 1920px) 100vw, 1920px\" \/>            <\/a>\n    <\/div>\n<\/div>\n\n\n\n<div class=\"wp-block-column is-layout-flow wp-block-column-is-layout-flow\">\n<div class=\"wp-block-getwid-template-post-content is-excerpt\" ><p>Neste momento em que estamos vivendo crises profundas e de car\u00e1ter global, \u00e9 fundamental demandar conhecimento e inspira\u00e7\u00e3o \u00e0 classe trabalhadora organizada, para que esta possa continuar a constru\u00e7\u00e3o das alternativas necess\u00e1rias no pavimentar do caminho rumo ao Socialismo. E n\u00e3o \u00e9 necess\u00e1rio comentar a centralidade que a discuss\u00e3o sobre o Feminismo e o antirracismo&hellip;<\/p><\/div>\n\n\n\n<div class=\"wp-block-getwid-template-post-link has-text-color has-palette-color-3-color\" >\n    <a href=\"https:\/\/formacaoemmovimento.org.br\/?page_id=4123\"><strong>Continue lendo<\/strong><\/a>\n<\/div>\n<\/div>\n<\/div>\n\t\t\t\t\t\t\t\t<\/div>\n\t\t\t\t\t\t\t            <\/div>\n\n                    <\/div>\n        <\/div><\/div><\/div><\/div><\/div><\/div>\n\n\n\n<p><\/p>\n","protected":false},"excerpt":{"rendered":"<p>CURSOS COMPLETOS<\/p>\n","protected":false},"author":7,"featured_media":0,"parent":72,"menu_order":0,"comment_status":"closed","ping_status":"closed","template":"","meta":{"footnotes":""},"class_list":["post-28","page","type-page","status-publish","hentry"],"blocksy_meta":{"styles_descriptor":{"styles":{"desktop":"","tablet":"","mobile":""},"google_fonts":[],"version":6}},"featured_image_urls_v2":{"full":"","thumbnail":"","medium":"","medium_large":"","large":"","1536x1536":"","2048x2048":""},"post_excerpt_stackable_v2":"<p>CURSOS COMPLETOS Neste ano de 2022 vamos realizar tr\u00eas momentos para debatermos a obra e pensamento de Florestan Fernandes. Estamos denominando de Ciclo de Estudos onde contaremos com a contribui\u00e7\u00e3o de professoras e professores que auxiliar\u00e1 o entendimento e reflex\u00e3o sobre determinadas tem\u00e1ticas. O Ciclo \u00e9 aberto a todas pessoas que quiserem participar e ocorrer\u00e1 de forma&hellip; Continue lendo Aconteceu no in\u00edcio de 2022 o Semin\u00e1rio Nacional de Forma\u00e7\u00e3o \u201cA Conjuntura e os Desafios para a classe trabalhadora\u201d. O semin\u00e1rio foi realizado de modo virtual e dirigido \u00e0 milit\u00e2ncia do campo popular brasileiro, com o objetivo de estudar sobre alguns&hellip;<\/p>\n","category_list_v2":"","author_info_v2":{"name":"Jo\u00e3oVitor","url":"https:\/\/formacaoemmovimento.org.br\/?author=7"},"comments_num_v2":"0 coment\u00e1rio","_links":{"self":[{"href":"https:\/\/formacaoemmovimento.org.br\/index.php?rest_route=\/wp\/v2\/pages\/28","targetHints":{"allow":["GET"]}}],"collection":[{"href":"https:\/\/formacaoemmovimento.org.br\/index.php?rest_route=\/wp\/v2\/pages"}],"about":[{"href":"https:\/\/formacaoemmovimento.org.br\/index.php?rest_route=\/wp\/v2\/types\/page"}],"author":[{"embeddable":true,"href":"https:\/\/formacaoemmovimento.org.br\/index.php?rest_route=\/wp\/v2\/users\/7"}],"replies":[{"embeddable":true,"href":"https:\/\/formacaoemmovimento.org.br\/index.php?rest_route=%2Fwp%2Fv2%2Fcomments&post=28"}],"version-history":[{"count":78,"href":"https:\/\/formacaoemmovimento.org.br\/index.php?rest_route=\/wp\/v2\/pages\/28\/revisions"}],"predecessor-version":[{"id":5826,"href":"https:\/\/formacaoemmovimento.org.br\/index.php?rest_route=\/wp\/v2\/pages\/28\/revisions\/5826"}],"up":[{"embeddable":true,"href":"https:\/\/formacaoemmovimento.org.br\/index.php?rest_route=\/wp\/v2\/pages\/72"}],"wp:attachment":[{"href":"https:\/\/formacaoemmovimento.org.br\/index.php?rest_route=%2Fwp%2Fv2%2Fmedia&parent=28"}],"curies":[{"name":"wp","href":"https:\/\/api.w.org\/{rel}","templated":true}]}}