{"id":2341,"date":"2021-10-27T14:57:27","date_gmt":"2021-10-27T17:57:27","guid":{"rendered":"https:\/\/formacaoemmovimento.org.br\/?page_id=2341"},"modified":"2025-06-17T16:46:28","modified_gmt":"2025-06-17T19:46:28","slug":"diversidade-sexual-de-genero-e-reforma-agraria","status":"publish","type":"page","link":"https:\/\/formacaoemmovimento.org.br\/?page_id=2341","title":{"rendered":"DIVERSIDADE SEXUAL, DE G\u00caNERO E REFORMA AGR\u00c1RIA"},"content":{"rendered":"\n<div class=\"alignfull wp-block-ugb-text ugb-text ugb-491e63f ugb-text--design-plain ugb-text--columns-1 ugb-main-block ugb-main-block--inner-center ugb--has-block-background\"><style>.ugb-491e63f .ugb-text__title{color:var(--theme-palette-color-1,#d80909);text-align:left}.ugb-491e63f .ugb-text__text p{font-family:\"Roboto\",Sans-serif !important;font-size:35px !important;font-weight:700 !important;color:var(--theme-palette-color-1,#d80909)}.ugb-491e63f .ugb-inner-block{text-align:left}.ugb-491e63f.ugb-text{background-color:var(--theme-palette-color-8,#ffffff)}.ugb-491e63f.ugb-text:before{background-color:var(--theme-palette-color-8,#ffffff)}@media screen and (min-width:768px){.ugb-491e63f.ugb-text{padding-top:0px !important;padding-right:35px !important;padding-bottom:26px !important;padding-left:35px !important}}@media screen and (max-width:768px){.ugb-491e63f .ugb-text__text p{font-size:20px !important}}<\/style><div class=\"ugb-inner-block ugb-inner-block--center\"><div class=\"ugb-block-content\"><div class=\"ugb-text__title-wrapper\"><h2 class=\"ugb-text__title\">DIVERSIDADE SEXUAL, DE G\u00caNERO E REFORMA AGR\u00c1RIA<\/h2><\/div><div class=\"ugb-text__text-wrapper\"><div class=\"ugb-text__text\"><p class=\"ugb-text__text-1\"><\/p><\/div><\/div><\/div><\/div><\/div>\n\n\n\n<div class=\"wp-block-ugb-expand ugb-expand ugb-2670207 ugb-expand--v2 ugb-main-block\" aria-expanded=\"false\"><style>.ugb-2670207 .ugb-expand__less-text p,.ugb-2670207 .ugb-expand__more-text p{font-size:18px !important}<\/style><div class=\"ugb-inner-block\"><div class=\"ugb-block-content\"><h4 class=\"ugb-expand__title\">Apresenta\u00e7\u00e3o<\/h4><div class=\"ugb-expand__less-text\"><p>O Movimento dos Trabalhadores Rurais Sem Terra (MST), tem incorporado o debate sobre diversidade sexual e de g\u00eanero como uma das bandeiras de luta relacionada ao seu projeto de Reforma Agr\u00e1ria Popular, no sentido de fortalecer a participa\u00e7\u00e3o das LGBT, mas essencialmente superar as opress\u00f5es de g\u00eanero, ra\u00e7a e LGBTfobia em seus territ\u00f3rios.<\/p><p><\/p><\/div><div class=\"ugb-expand__more-text\" style=\"display:none\"><p><strong>Nossa metodologia<\/strong><\/p><p>O Movimento dos Trabalhadores Rurais Sem Terra (MST), tem incorporado o debate sobre diversidade sexual e de g\u00eanero como uma das bandeiras de luta relacionada ao seu projeto de Reforma Agr\u00e1ria Popular, no sentido de fortalecer a participa\u00e7\u00e3o das LGBT, mas essencialmente superar as opress\u00f5es de g\u00eanero, ra\u00e7a e LGBTfobia em seus territ\u00f3rios.<\/p><p>Neste ciclo de Estudo virtual, vamos estudar e debater com aportes de militantes e intelectuais do Movimento LGBT quais s\u00e3o os desafios desta luta na atualidade a partir da perspectiva marxista, partindo das categorias: ra\u00e7a, patriarcado e capitalismo, analisando como a LGBTfobia se materializa nas rela\u00e7\u00f5es sociais, politicas e culturais na sociedade e como se engendram na rela\u00e7\u00e3o de opress\u00e3o e explora\u00e7\u00e3o dos corpos e territ\u00f3rios, no sentido de compreender o papel da classe trabalhadora em fazer a luta anticapitalista, antipatriarcal e antirracista.<\/p><p>\ud83c\udf08&nbsp;<strong>O que queremos?<\/strong><\/p><p>Desenvolver a forma\u00e7\u00e3o das LGBT do campo popular, com subs\u00eddios te\u00f3rico-pr\u00e1ticos em torno da tem\u00e1tica de diversidade sexual e de g\u00eanero relacionado a luta pela Reforma Agr\u00e1ria, contra LGBTfobia no contexto atual. Sendo mais espec\u00edfico, queremos:<\/p><p>a) Estudar o patriarcado, ra\u00e7a e capitalismo como base da opress\u00e3o, domina\u00e7\u00e3o e explora\u00e7\u00e3o;<\/p><p>b) Compreender a identidade LGBT como identidade pol\u00edtica e a orienta\u00e7\u00e3o sexual e identidade de g\u00eanero como diversidade humana;<\/p><p>c) Refletir sobre diversidade sexual e de g\u00eanero no MST e o conte\u00fado de luta e constru\u00e7\u00e3o da Reforma Agr\u00e1ria Popular;<\/p><p>d) Fortalecer a pauta da luta LGBT nos movimentos populares, a auto-organiza\u00e7\u00e3o e a luta contra LGBTfobia.<\/p><\/div><div class=\"ugb-expand__toggle-wrapper\"><a class=\"ugb-expand__toggle\" href=\"#\"><span class=\"ugb-expand__more-toggle-text\">Mostrar mais<\/span><span class=\"ugb-expand__less-toggle-text\" style=\"display:none\">Mostrar Menos<\/span><\/a><\/div><\/div><\/div><\/div>\n\n\n\n<div class=\"wp-block-ugb-blog-posts ugb-blog-posts ugb-2898406 ugb-blog-posts--v2 ugb-blog-posts--design-basic ugb-blog-posts--columns-1 ugb-main-block ugb--has-bottom-separator\"><style>.ugb-2898406 .ugb-blog-posts__featured-image{border-radius:4px !important}.ugb-2898406 .ugb-blog-posts__title a{color:var(--theme-palette-color-3,#915656) !important}.ugb-2898406 .ugb-blog-posts__title a:hover{color:var(--theme-palette-color-1,#d80909) !important}.ugb-2898406 .ugb-blog-posts__title{margin-bottom:-50px !important}.ugb-2898406 .ugb-inner-block{text-align:left}.ugb-2898406 .ugb-block-title{font-family:\"Anton\",Sans-serif !important;font-weight:700 !important;color:var(--theme-palette-color-1,#d80909);margin-bottom:13px !important}@media screen and (min-width:768px){.ugb-2898406.ugb-blog-posts{padding-bottom:35px !important}}@media screen and (min-width:768px){.ugb-2898406 > .ugb-inner-block > .ugb-block-content > *{padding-top:0px !important;padding-bottom:0px !important;padding-right:0px !important;padding-left:0px !important}}<\/style><div class=\"ugb-bottom-separator\"><div class=\"ugb-separator-wrapper\"><svg xmlns=\"http:\/\/www.w3.org\/2000\/svg\" viewbox=\"0 0 1600 200\" filter=\"url(#straight-1-shadow_svg__a)\" enablebackground=\"new 0 0 1600 200\" class=\"ugb-separator__shadow\" preserveaspectratio=\"none\" aria-hidden=\"true\"><filter id=\"straight-1-shadow_svg__a\"><feGaussianBlur in=\"SourceAlpha\" stddeviation=\"4\"><\/feGaussianBlur><feComponentTransfer><feFuncA type=\"linear\" slope=\"0.4\"><\/feFuncA><\/feComponentTransfer><feMerge><feMergeNode><\/feMergeNode><feMergeNode in=\"SourceGraphic\"><\/feMergeNode><\/feMerge><\/filter><path d=\"M-10 121.6h1620v-16.4H-10z\"><\/path><\/svg><svg xmlns=\"http:\/\/www.w3.org\/2000\/svg\" viewbox=\"0 0 1600 200\" class=\"ugb-separator__layer-1\" preserveaspectratio=\"none\" aria-hidden=\"true\"><path d=\"M-10 210h1620V105.2H-10z\"><\/path><\/svg><\/div><\/div><div class=\"ugb-inner-block\"><h3 class=\"ugb-block-title\">Aulas<\/h3><div class=\"ugb-block-content\"><article class=\"ugb-blog-posts__item\"><div class=\"ugb-blog-posts__content\"><h4 class=\"ugb-blog-posts__title\"><a href=\"https:\/\/formacaoemmovimento.org.br\/?p=2377\">AULA 1 | CLOSE E LUTA: OS DESAFIOS DA (R)EXIST\u00caNCIA LGBT EM TEMPOS DE \u00d3DIOS<\/a><\/h4><\/div><\/article><article class=\"ugb-blog-posts__item\"><div class=\"ugb-blog-posts__content\"><h4 class=\"ugb-blog-posts__title\"><a href=\"https:\/\/formacaoemmovimento.org.br\/?p=2383\">AULA N 2 | PATRIARCADO, RACISMO E CAPITALISMO<\/a><\/h4><\/div><\/article><article class=\"ugb-blog-posts__item\"><div class=\"ugb-blog-posts__content\"><h4 class=\"ugb-blog-posts__title\"><a href=\"https:\/\/formacaoemmovimento.org.br\/?p=2477\">AULA N 3 | DIVERSIDADE SEXUAL, DE G\u00caNERO E A REFORMA AGR\u00c1RIA POPULAR<\/a><\/h4><\/div><\/article><\/div><\/div><\/div>\n\n\n\n<p><\/p>\n","protected":false},"excerpt":{"rendered":"<p>O Movimento dos Trabalhadores Rurais Sem Terra (MST), tem incorporado o debate sobre diversidade sexual e de g\u00eanero como uma das bandeiras de luta relacionada ao seu projeto de Reforma Agr\u00e1ria Popular, no sentido de fortalecer a participa\u00e7\u00e3o das LGBT, mas essencialmente superar as opress\u00f5es de g\u00eanero, ra\u00e7a e LGBTfobia em seus territ\u00f3rios.<br \/>\nNeste ciclo de Estudo virtual, vamos estudar e debater com aportes de militantes e intelectuais do Movimento LGBT quais s\u00e3o os desafios desta luta na atualidade a partir da perspectiva marxista, partindo das categorias: ra\u00e7a, patriarcado e capitalismo, analisando como a LGBTfobia se materializa nas rela\u00e7\u00f5es sociais, politicas e culturais na sociedade e como se engendram na rela\u00e7\u00e3o de opress\u00e3o e explora\u00e7\u00e3o dos corpos e territ\u00f3rios, no sentido de compreender o papel da classe trabalhadora em fazer a luta anticapitalista, antipatriarcal e antirracista.<\/p>\n","protected":false},"author":10,"featured_media":2810,"parent":1143,"menu_order":0,"comment_status":"closed","ping_status":"closed","template":"","meta":{"footnotes":""},"class_list":["post-2341","page","type-page","status-publish","has-post-thumbnail","hentry"],"blocksy_meta":{"styles_descriptor":{"styles":{"desktop":"","tablet":"","mobile":""},"google_fonts":[],"version":6}},"featured_image_urls_v2":{"full":["https:\/\/formacaoemmovimento.org.br\/wp-content\/uploads\/2021\/11\/DIVERSIDADE_SEXUAL.png",1920,447,false],"thumbnail":["https:\/\/formacaoemmovimento.org.br\/wp-content\/uploads\/2021\/11\/DIVERSIDADE_SEXUAL-150x150.png",150,150,true],"medium":["https:\/\/formacaoemmovimento.org.br\/wp-content\/uploads\/2021\/11\/DIVERSIDADE_SEXUAL-300x70.png",300,70,true],"medium_large":["https:\/\/formacaoemmovimento.org.br\/wp-content\/uploads\/2021\/11\/DIVERSIDADE_SEXUAL-768x179.png",768,179,true],"large":["https:\/\/formacaoemmovimento.org.br\/wp-content\/uploads\/2021\/11\/DIVERSIDADE_SEXUAL-1024x238.png",1024,238,true],"1536x1536":["https:\/\/formacaoemmovimento.org.br\/wp-content\/uploads\/2021\/11\/DIVERSIDADE_SEXUAL-1536x358.png",1536,358,true],"2048x2048":["https:\/\/formacaoemmovimento.org.br\/wp-content\/uploads\/2021\/11\/DIVERSIDADE_SEXUAL.png",1920,447,false]},"post_excerpt_stackable_v2":"<p>O Movimento dos Trabalhadores Rurais Sem Terra (MST), tem incorporado o debate sobre diversidade sexual e de g\u00eanero como uma das bandeiras de luta relacionada ao seu projeto de Reforma Agr\u00e1ria Popular, no sentido de fortalecer a participa\u00e7\u00e3o das LGBT, mas essencialmente superar as opress\u00f5es de g\u00eanero, ra\u00e7a e LGBTfobia em seus territ\u00f3rios.<br \/>\nNeste ciclo de Estudo virtual, vamos estudar e debater com aportes de militantes e intelectuais do Movimento LGBT quais s\u00e3o os desafios desta luta na atualidade a partir da perspectiva marxista, partindo das categorias: ra\u00e7a, patriarcado e capitalismo, analisando como a LGBTfobia se materializa nas rela\u00e7\u00f5es sociais, politicas e culturais na sociedade e como se engendram na rela\u00e7\u00e3o de opress\u00e3o e explora\u00e7\u00e3o dos corpos e territ\u00f3rios, no sentido de compreender o papel da classe trabalhadora em fazer a luta anticapitalista, antipatriarcal e antirracista.<\/p>\n","category_list_v2":"","author_info_v2":{"name":"fernanda costa","url":"https:\/\/formacaoemmovimento.org.br\/?author=10"},"comments_num_v2":"0 coment\u00e1rio","_links":{"self":[{"href":"https:\/\/formacaoemmovimento.org.br\/index.php?rest_route=\/wp\/v2\/pages\/2341","targetHints":{"allow":["GET"]}}],"collection":[{"href":"https:\/\/formacaoemmovimento.org.br\/index.php?rest_route=\/wp\/v2\/pages"}],"about":[{"href":"https:\/\/formacaoemmovimento.org.br\/index.php?rest_route=\/wp\/v2\/types\/page"}],"author":[{"embeddable":true,"href":"https:\/\/formacaoemmovimento.org.br\/index.php?rest_route=\/wp\/v2\/users\/10"}],"replies":[{"embeddable":true,"href":"https:\/\/formacaoemmovimento.org.br\/index.php?rest_route=%2Fwp%2Fv2%2Fcomments&post=2341"}],"version-history":[{"count":7,"href":"https:\/\/formacaoemmovimento.org.br\/index.php?rest_route=\/wp\/v2\/pages\/2341\/revisions"}],"predecessor-version":[{"id":2823,"href":"https:\/\/formacaoemmovimento.org.br\/index.php?rest_route=\/wp\/v2\/pages\/2341\/revisions\/2823"}],"up":[{"embeddable":true,"href":"https:\/\/formacaoemmovimento.org.br\/index.php?rest_route=\/wp\/v2\/pages\/1143"}],"wp:featuredmedia":[{"embeddable":true,"href":"https:\/\/formacaoemmovimento.org.br\/index.php?rest_route=\/wp\/v2\/media\/2810"}],"wp:attachment":[{"href":"https:\/\/formacaoemmovimento.org.br\/index.php?rest_route=%2Fwp%2Fv2%2Fmedia&parent=2341"}],"curies":[{"name":"wp","href":"https:\/\/api.w.org\/{rel}","templated":true}]}}