{"id":1863,"date":"2021-10-05T17:16:48","date_gmt":"2021-10-05T20:16:48","guid":{"rendered":"https:\/\/formacaoemmovimento.org.br\/?page_id=1863"},"modified":"2025-06-17T16:46:28","modified_gmt":"2025-06-17T19:46:28","slug":"formacao-de-formadores","status":"publish","type":"page","link":"https:\/\/formacaoemmovimento.org.br\/?page_id=1863","title":{"rendered":"Curso Nacional Forma\u00e7\u00e3o de Formadores"},"content":{"rendered":"\n<div class=\"wp-block-ugb-text ugb-text ugb-edd85ce ugb-text--design-plain ugb-text--columns-1 ugb-main-block\"><style>.ugb-edd85ce .ugb-text__title{color:var(--theme-palette-color-1,#d80909);font-family:\"Anton\",Sans-serif !important;text-align:center}<\/style><div class=\"ugb-inner-block\"><div class=\"ugb-block-content\"><div class=\"ugb-text__title-wrapper\"><h2 class=\"ugb-text__title\">II Curso Nacional de Forma\u00e7\u00e3o de Formadores do MST<\/h2><\/div><div class=\"ugb-text__text-wrapper\"><div class=\"ugb-text__text\"><p class=\"ugb-text__text-1\"><\/p><\/div><\/div><\/div><\/div><\/div>\n\n\n\n<div class=\"wp-block-image is-style-rounded\"><figure class=\"aligncenter size-large is-resized\"><img loading=\"lazy\" decoding=\"async\" src=\"https:\/\/formacaoemmovimento.org.br\/wp-content\/uploads\/2021\/10\/image-2.jpg\" alt=\"\" class=\"wp-image-1933\" width=\"192\" height=\"268\" srcset=\"https:\/\/formacaoemmovimento.org.br\/wp-content\/uploads\/2021\/10\/image-2.jpg 542w, https:\/\/formacaoemmovimento.org.br\/wp-content\/uploads\/2021\/10\/image-2-215x300.jpg 215w\" sizes=\"auto, (max-width: 192px) 100vw, 192px\" \/><\/figure><\/div>\n\n\n\n<div class=\"wp-block-ugb-expand ugb-expand ugb-ab5746f ugb-expand--v2 ugb-main-block\" aria-expanded=\"false\"><style>.ugb-ab5746f .ugb-expand__title{font-size:30px !important}<\/style><div class=\"ugb-inner-block\"><div class=\"ugb-block-content\"><h1 class=\"ugb-expand__title\">apresenta\u00e7\u00e3o<\/h1><div class=\"ugb-expand__less-text\"><p><\/p><p><\/p><p>O Curso Nacional de Forma\u00e7\u00e3o de Formadores tem como foco a forma\u00e7\u00e3o de militantes e dirigentes do MST. A forma\u00e7\u00e3o pol\u00edtica se coloca como elemento central no enfrentamento dos desafios do per\u00edodo hist\u00f3rico em que vivemos, inclu\u00eddo desafios internos, projetando a potencialidade do planejamento da Jornada de Nacional de Forma\u00e7\u00e3o e Trabalho de Base cujo objetivo enfatiza o fortalecimento da estrat\u00e9gia da Reforma Agr\u00e1ria Popular articulando forma\u00e7\u00e3o e o trabalho de base.<\/p><p><\/p><\/div><div class=\"ugb-expand__more-text\" style=\"display:none\"><p><\/p><p><strong>Objetivo Geral:<\/strong> &nbsp;<\/p><p>Propiciar aos militantes o debate e a apropria\u00e7\u00e3o do legado pedag\u00f3gico formativo do MST, fortalecendo a estrat\u00e9gia da forma\u00e7\u00e3o e multiplica\u00e7\u00e3o de formadores\/as, sempre tendo como refer\u00eancia a constru\u00e7\u00e3o da Jornada Nacional de Forma\u00e7\u00e3o e Trabalho de Base.&nbsp;<\/p><p><strong>Espec\u00edficos:<\/strong><\/p><p>1. Conhecer e aprofundar os fundamentos e a concep\u00e7\u00e3o da forma\u00e7\u00e3o do MST.<\/p><p>2. Contribuir na constru\u00e7\u00e3o da estrat\u00e9gia da Jornada de Forma\u00e7\u00e3o e Trabalho de Base em cada estado.<\/p><p>3. Aprofundar e atualizar o debate em torno do m\u00e9todo de trabalho de base e educa\u00e7\u00e3o popular, possibilitando o interc\u00e2mbio das experi\u00eancias formativas que est\u00e3o sendo desenvolvidas no conjunto do MST.&nbsp;<\/p><p>4. Avan\u00e7ar para que os\/as formadores\/as possam fazer um exerc\u00edcio de constru\u00e7\u00e3o de s\u00ednteses e planos de forma\u00e7\u00e3o pol\u00edtica, contemplando o contexto onde cada formador\/a est\u00e1 inserido\/a.&nbsp;<\/p><p>5. Compreender a sociedade que vivemos: as mudan\u00e7as que est\u00e3o ocorrendo e o papel do MST. Como o MST se constitui numa for\u00e7a pol\u00edtica. 6. Fortalecer o Setor de Forma\u00e7\u00e3o nos estados. Perfil e crit\u00e9rios para a indica\u00e7\u00e3o da milit\u00e2ncia\/Participantes: &nbsp;\u2022 Militantes que j\u00e1 tenham alguma experi\u00eancia na forma\u00e7\u00e3o, que j\u00e1 tenham realizado tarefas pol\u00edticas organizativas;<\/p><p>\u2022 Milit\u00e2ncia com perfil de formador\/a que atuem no MST (independente da inst\u00e2ncia ou setor);&nbsp;<\/p><p>\u2022 A Jornada de Forma\u00e7\u00e3o e Trabalho de Base deve ser a nossa refer\u00eancia para a escolha dos militantes que participar\u00e3o do curso;&nbsp;<\/p><p>\u2022 Projetar militantes para o MST que tenham capacidade de agir em qualquer atividade de nossa Organiza\u00e7\u00e3o;&nbsp;<\/p><p>\u2022 Garantir a transversalidade do Setor de Forma\u00e7\u00e3o;&nbsp;<\/p><p>\u2022 Dirigentes do setor de forma\u00e7\u00e3o dos estados. Atentar para a mudan\u00e7a nas inst\u00e2ncias no final do ano, garantindo que aqueles que estar\u00e3o no setor na pr\u00f3xima gest\u00e3o estejam no curso;&nbsp;<\/p><p>\u2022 As inscri\u00e7\u00f5es no curso se dar\u00e3o por indica\u00e7\u00e3o e n\u00e3o por inscri\u00e7\u00e3o aberta;<\/p><p><strong>Metodologia<\/strong><\/p><p>Este curso se prop\u00f5e a ser um espa\u00e7o formativo acerca da estrat\u00e9gia de forma\u00e7\u00e3o de base no MST. Os desafios s\u00e3o in\u00fameros, inclusive pela obrigatoriedade do formato on-line. Por isso mesmo, esta \u00e9 uma a\u00e7\u00e3o processual, que n\u00e3o teve in\u00edcio agora e nem terminar\u00e1 no dia do \u00faltimo encontro, em dezembro de 2021. A estrat\u00e9gia formativa a que se pretende esse curso tem por fundamento o trip\u00e9: organiza\u00e7\u00e3o, forma\u00e7\u00e3o e luta. Desta forma, vamos articular durante o processo formativo, mas, principalmente, na constru\u00e7\u00e3o da estrat\u00e9gia de a\u00e7\u00e3o em torno da Jornada Nacional de Forma\u00e7\u00e3o e Trabalho de Base, o estudo, o debate te\u00f3rico, as reflex\u00f5es sobre a nossa pr\u00e1tica e o planejamento. Orienta\u00e7\u00f5es gerais sobre a metodologia: a) Os temas precisam nos ajudar a fortalecer o trabalho de base e preparar a nossa milit\u00e2ncia para essa estrat\u00e9gia.&nbsp;<\/p><p>b) Essa \u00e9 uma iniciativa que ainda se ad\u00e9qua \u00e0s condi\u00e7\u00f5es da pandemia, portanto, os m\u00f3dulos ser\u00e3o desenvolvidos de forma remota.&nbsp;<\/p><p>c) Articular o debate te\u00f3rico com as consequ\u00eancias nas an\u00e1lises da realidade concreta. Exemplo: 1) Materialismo Hist\u00f3rico Dial\u00e9tico \u2013 Forma de vermos o mundo \u2013 interfere em todo nosso m\u00e9todo \u2013 do m\u00e9todo organizativo, ao m\u00e9todo de forma\u00e7\u00e3o educa\u00e7\u00e3o, trabalho de base, etc. 2) Ideologia \u2013 Debate em torno do conceito \u2013 ideologia como falseamento da realidade ou como pensamento\/ideias de uma classe. Como aparece essa ideologia fascista nos acusando de sermos ideol\u00f3gicos. Como contrapor \u2013 Ideologia X narrativas etc. Rela\u00e7\u00e3o teoria x pr\u00e1tica.&nbsp;<\/p><p>d) Criar uma sintonia com o trabalho de base urbano.&nbsp;<\/p><p>e) Articular as aulas com debate e estudo em NB\u2019s.&nbsp;<\/p><p>f) Encontro do NB uma semana ap\u00f3s a aula, data pr\u00e9-determinada, para debate em torno do tema, com um olhar voltado para os desafios da Jornada Nacional de Forma\u00e7\u00e3o e Trabalho de base. Cada NB entregar \u00e0 CPP s\u00edntese escrita.&nbsp;<\/p><p>g) A m\u00edstica e a coordena\u00e7\u00e3o das aulas ser\u00e3o de responsabilidade dos NB\u2019s. Haver\u00e1 um calend\u00e1rio previamente apresentado com a indica\u00e7\u00e3o de qual NB ser\u00e1 respons\u00e1vel por essas tarefas em cada aula. A coordena\u00e7\u00e3o do dia ser\u00e1 feita por um companheiro e uma companheira do NB. Um deles pode ser o membro da CPP que acompanha o NB, caso o NB assim decida. O NB deve marcar uma reuni\u00e3o extra para debater e organizar essas tarefas.&nbsp;<\/p><p>h) Ao final do curso, propor, por estado, a constru\u00e7\u00e3o de uma estrat\u00e9gia para a Jornada de Forma\u00e7\u00e3o e Trabalho de Base. N\u00e3o chega a ser um planejamento, mas uma estrat\u00e9gia de a\u00e7\u00e3o;&nbsp;<\/p><p>i) Fazer, durante o curso, reuni\u00f5es por estado, entre os participantes, para ir debatendo essa estrat\u00e9gia, a partir de atividades e\/ou quest\u00f5es propostas pelo curso. Esta reuni\u00e3o deve envolver todos\/as os\/as participantes do curso, mas tamb\u00e9m outras pessoas que atuam na forma\u00e7\u00e3o e trabalho de base no estado O ideal \u00e9 que todas elas estejam no curso, mas n\u00e3o estando, podem ser inseridas na reuni\u00e3o.&nbsp;<\/p><p>&nbsp;j) Na primeira reuni\u00e3o do Setor de Forma\u00e7\u00e3o de 2022, cada estado dever\u00e1 fazer a apresenta\u00e7\u00e3o da Estrat\u00e9gia para a Jornada de Forma\u00e7\u00e3o e Trabalho de Base.<\/p><p><strong>Eixos tem\u00e1ticos<\/strong><\/p><p> I. O MST como for\u00e7a pol\u00edtica 1. Organicidade 2. Reforma Agraria Popular&nbsp;<\/p><p>II. Teoria da Organiza\u00e7\u00e3o Pol\u00edtica 1. Materialismo hist\u00f3rico dial\u00e9tico e o m\u00e9todo do MST 2. Trajet\u00f3ria e concep\u00e7\u00e3o de forma\u00e7\u00e3o do MST&nbsp;<\/p><p>III. Psicologia de Massas 1. Ideologia e a Guerra Cultural 2. O processo da forma\u00e7\u00e3o da consci\u00eancia&nbsp;<\/p><p>IV. Jornada de Forma\u00e7\u00e3o e Trabalho de Base 1. Planejamento do Trabalho de Base 2. Campanhas<\/p><p><strong>Programa\u00e7\u00e3o e orienta\u00e7\u00f5es do curso <\/strong>(clique sobre o link para baixar)<strong>:<\/strong><\/p><p>>> <a href=\"https:\/\/drive.google.com\/file\/d\/1Ws3y02Aq2SDO6y6pMv0zbNW-shiZai_i\/view?usp=sharing\" data-type=\"URL\" data-id=\"https:\/\/drive.google.com\/file\/d\/1Ws3y02Aq2SDO6y6pMv0zbNW-shiZai_i\/view?usp=sharing\">Circular do Curso<\/a><\/p><p>>> <a href=\"https:\/\/drive.google.com\/file\/d\/1nIQpXiMJlt40uItx0Vgrxc31AriRJ6rc\/view?usp=sharing\" data-type=\"URL\" data-id=\"https:\/\/drive.google.com\/file\/d\/1nIQpXiMJlt40uItx0Vgrxc31AriRJ6rc\/view?usp=sharing\">Calend\u00e1rio <\/a><\/p><p>>> <a href=\"https:\/\/drive.google.com\/file\/d\/1Vs3wimGyI-oP6sgPAqSjlbIRHeDD-e-_\/view?usp=sharing\" data-type=\"URL\" data-id=\"https:\/\/drive.google.com\/file\/d\/1Vs3wimGyI-oP6sgPAqSjlbIRHeDD-e-_\/view?usp=sharing\">PROMET do Curso Nacional de Forma\u00e7\u00e3o de Formadores 2021<\/a><\/p><p><strong>Refer\u00eancias<\/strong><\/p><p><a rel=\"noreferrer noopener\" href=\"https:\/\/mst.org.br\/\" target=\"_blank\">https:\/\/mst.org.br\/<\/a><\/p><p>Demais materiais ser\u00e3o enviados a medida que os m\u00f3dulos forem realizados. <\/p><\/div><div class=\"ugb-expand__toggle-wrapper\"><a class=\"ugb-expand__toggle\" href=\"#\"><span class=\"ugb-expand__more-toggle-text\">Mostrar mais<\/span><span class=\"ugb-expand__less-toggle-text\" style=\"display:none\">Mostrar menos<\/span><\/a><\/div><\/div><\/div><\/div>\n\n\n\n<div class=\"wp-block-ugb-blog-posts ugb-blog-posts ugb-2898406 ugb-blog-posts--v2 ugb-blog-posts--design-basic ugb-blog-posts--columns-1 ugb-main-block ugb--has-bottom-separator\"><style>.ugb-2898406 .ugb-blog-posts__featured-image{border-radius:4px !important}.ugb-2898406 .ugb-blog-posts__title a{color:var(--theme-palette-color-3,#915656) !important}.ugb-2898406 .ugb-blog-posts__title a:hover{opacity:0.8}.ugb-2898406 .ugb-blog-posts__title{margin-bottom:-50px !important}.ugb-2898406 .ugb-inner-block{text-align:left}.ugb-2898406 .ugb-block-title{font-family:\"anton\",Sans-serif !important;font-weight:700 !important;color:var(--theme-palette-color-1,#d80909);margin-bottom:32px !important}@media screen and (min-width:768px){.ugb-2898406.ugb-blog-posts{padding-bottom:35px !important}}<\/style><div class=\"ugb-bottom-separator\"><div class=\"ugb-separator-wrapper\"><svg xmlns=\"http:\/\/www.w3.org\/2000\/svg\" viewbox=\"0 0 1600 200\" filter=\"url(#straight-1-shadow_svg__a)\" enablebackground=\"new 0 0 1600 200\" class=\"ugb-separator__shadow\" preserveaspectratio=\"none\" aria-hidden=\"true\"><filter id=\"straight-1-shadow_svg__a\"><feGaussianBlur in=\"SourceAlpha\" stddeviation=\"4\"><\/feGaussianBlur><feComponentTransfer><feFuncA type=\"linear\" slope=\"0.4\"><\/feFuncA><\/feComponentTransfer><feMerge><feMergeNode><\/feMergeNode><feMergeNode in=\"SourceGraphic\"><\/feMergeNode><\/feMerge><\/filter><path d=\"M-10 121.6h1620v-16.4H-10z\"><\/path><\/svg><svg xmlns=\"http:\/\/www.w3.org\/2000\/svg\" viewbox=\"0 0 1600 200\" class=\"ugb-separator__layer-1\" preserveaspectratio=\"none\" aria-hidden=\"true\"><path d=\"M-10 210h1620V105.2H-10z\"><\/path><\/svg><\/div><\/div><div class=\"ugb-inner-block\"><h2 class=\"ugb-block-title\">Aulas<\/h2><div class=\"ugb-block-content\"><article class=\"ugb-blog-posts__item\"><div class=\"ugb-blog-posts__content\"><h6 class=\"ugb-blog-posts__title\"><a href=\"https:\/\/formacaoemmovimento.org.br\/?p=1875\">Aula 1 | Os Desafios do MST na Forma\u00e7\u00e3o e a Jornada &#8211; Apresenta\u00e7\u00e3o do curso Organicidade do curso<\/a><\/h6><\/div><\/article><article class=\"ugb-blog-posts__item\"><div class=\"ugb-blog-posts__content\"><h6 class=\"ugb-blog-posts__title\"><a href=\"https:\/\/formacaoemmovimento.org.br\/?p=1868\">Aula 2 | An\u00e1lise e desafios de nosso tempo hist\u00f3rico<\/a><\/h6><\/div><\/article><article class=\"ugb-blog-posts__item\"><div class=\"ugb-blog-posts__content\"><h6 class=\"ugb-blog-posts__title\"><a href=\"https:\/\/formacaoemmovimento.org.br\/?p=2206\">Aula 3 | O MST como For\u00e7a Pol\u00edtica &#8211; Reforma Agr\u00e1ria Popular \u2013 Nosso Fazimento<\/a><\/h6><\/div><\/article><article class=\"ugb-blog-posts__item\"><div class=\"ugb-blog-posts__content\"><h6 class=\"ugb-blog-posts__title\"><a href=\"https:\/\/formacaoemmovimento.org.br\/?p=2205\">Aula 4 | Teoria da Organiza\u00e7\u00e3o Pol\u00edtica &#8211; Materialismo Hist\u00f3rico Dial\u00e9tico<\/a><\/h6><\/div><\/article><article class=\"ugb-blog-posts__item\"><div class=\"ugb-blog-posts__content\"><h6 class=\"ugb-blog-posts__title\"><a href=\"https:\/\/formacaoemmovimento.org.br\/?p=2219\">Aula 5 | Teoria da Organiza\u00e7\u00e3o Pol\u00edtica &#8211; Trajet\u00f3ria e concep\u00e7\u00e3o de forma\u00e7\u00e3o do MST<\/a><\/h6><\/div><\/article><\/div><\/div><\/div>\n\n\n\n<p><\/p>\n","protected":false},"excerpt":{"rendered":"<p> A forma\u00e7\u00e3o pol\u00edtica se coloca como elemento central no enfrentamento dos desafios do per\u00edodo hist\u00f3rico em que vivemos, inclu\u00eddo desafios internos, projetando a potencialidade do planejamento da Jornada de Nacional de Forma\u00e7\u00e3o e Trabalho de Base cujo objetivo enfatiza o fortalecimento da estrat\u00e9gia da Reforma Agr\u00e1ria Popular articulando forma\u00e7\u00e3o e o trabalho de base.<\/p>\n","protected":false},"author":4,"featured_media":1940,"parent":1143,"menu_order":0,"comment_status":"closed","ping_status":"closed","template":"","meta":{"footnotes":""},"class_list":["post-1863","page","type-page","status-publish","has-post-thumbnail","hentry"],"blocksy_meta":{"styles_descriptor":{"styles":{"desktop":"","tablet":"","mobile":""},"google_fonts":[],"version":6}},"featured_image_urls_v2":{"full":["https:\/\/formacaoemmovimento.org.br\/wp-content\/uploads\/2021\/10\/FORMACAO_DE_FORMADORES.png",1920,447,false],"thumbnail":["https:\/\/formacaoemmovimento.org.br\/wp-content\/uploads\/2021\/10\/FORMACAO_DE_FORMADORES-150x150.png",150,150,true],"medium":["https:\/\/formacaoemmovimento.org.br\/wp-content\/uploads\/2021\/10\/FORMACAO_DE_FORMADORES-300x70.png",300,70,true],"medium_large":["https:\/\/formacaoemmovimento.org.br\/wp-content\/uploads\/2021\/10\/FORMACAO_DE_FORMADORES-768x179.png",768,179,true],"large":["https:\/\/formacaoemmovimento.org.br\/wp-content\/uploads\/2021\/10\/FORMACAO_DE_FORMADORES-1024x238.png",1024,238,true],"1536x1536":["https:\/\/formacaoemmovimento.org.br\/wp-content\/uploads\/2021\/10\/FORMACAO_DE_FORMADORES-1536x358.png",1536,358,true],"2048x2048":["https:\/\/formacaoemmovimento.org.br\/wp-content\/uploads\/2021\/10\/FORMACAO_DE_FORMADORES.png",1920,447,false]},"post_excerpt_stackable_v2":"<p> A forma\u00e7\u00e3o pol\u00edtica se coloca como elemento central no enfrentamento dos desafios do per\u00edodo hist\u00f3rico em que vivemos, inclu\u00eddo desafios internos, projetando a potencialidade do planejamento da Jornada de Nacional de Forma\u00e7\u00e3o e Trabalho de Base cujo objetivo enfatiza o fortalecimento da estrat\u00e9gia da Reforma Agr\u00e1ria Popular articulando forma\u00e7\u00e3o e o trabalho de base.<\/p>\n","category_list_v2":"","author_info_v2":{"name":"Carol Cruz","url":"https:\/\/formacaoemmovimento.org.br\/?author=4"},"comments_num_v2":"0 coment\u00e1rio","_links":{"self":[{"href":"https:\/\/formacaoemmovimento.org.br\/index.php?rest_route=\/wp\/v2\/pages\/1863","targetHints":{"allow":["GET"]}}],"collection":[{"href":"https:\/\/formacaoemmovimento.org.br\/index.php?rest_route=\/wp\/v2\/pages"}],"about":[{"href":"https:\/\/formacaoemmovimento.org.br\/index.php?rest_route=\/wp\/v2\/types\/page"}],"author":[{"embeddable":true,"href":"https:\/\/formacaoemmovimento.org.br\/index.php?rest_route=\/wp\/v2\/users\/4"}],"replies":[{"embeddable":true,"href":"https:\/\/formacaoemmovimento.org.br\/index.php?rest_route=%2Fwp%2Fv2%2Fcomments&post=1863"}],"version-history":[{"count":16,"href":"https:\/\/formacaoemmovimento.org.br\/index.php?rest_route=\/wp\/v2\/pages\/1863\/revisions"}],"predecessor-version":[{"id":2333,"href":"https:\/\/formacaoemmovimento.org.br\/index.php?rest_route=\/wp\/v2\/pages\/1863\/revisions\/2333"}],"up":[{"embeddable":true,"href":"https:\/\/formacaoemmovimento.org.br\/index.php?rest_route=\/wp\/v2\/pages\/1143"}],"wp:featuredmedia":[{"embeddable":true,"href":"https:\/\/formacaoemmovimento.org.br\/index.php?rest_route=\/wp\/v2\/media\/1940"}],"wp:attachment":[{"href":"https:\/\/formacaoemmovimento.org.br\/index.php?rest_route=%2Fwp%2Fv2%2Fmedia&parent=1863"}],"curies":[{"name":"wp","href":"https:\/\/api.w.org\/{rel}","templated":true}]}}