{"id":1167,"date":"2021-06-29T16:44:38","date_gmt":"2021-06-29T19:44:38","guid":{"rendered":"https:\/\/formacaoemmovimento.org.br\/?page_id=1167"},"modified":"2025-06-17T16:46:28","modified_gmt":"2025-06-17T19:46:28","slug":"curso-plantar-arvores-produzir-alimentos-saudaveis","status":"publish","type":"page","link":"https:\/\/formacaoemmovimento.org.br\/?page_id=1167","title":{"rendered":"Curso Plantar \u00e1rvores, Produzir Alimentos Saud\u00e1veis"},"content":{"rendered":"\n<p><\/p>\n\n\n\n<div class=\"alignfull wp-block-ugb-text ugb-text ugb-491e63f ugb-text--design-plain ugb-text--columns-1 ugb-main-block ugb-main-block--inner-center ugb--has-block-background\"><style>.ugb-491e63f .ugb-text__title{color:var(--theme-palette-color-1,#d80909);text-align:left}.ugb-491e63f .ugb-text__text p{font-family:\"Roboto\",Sans-serif !important;font-size:35px !important;font-weight:700 !important;color:var(--theme-palette-color-1,#d80909)}.ugb-491e63f .ugb-inner-block{text-align:left}.ugb-491e63f.ugb-text{background-color:var(--theme-palette-color-8,#ffffff)}.ugb-491e63f.ugb-text:before{background-color:var(--theme-palette-color-8,#ffffff)}@media screen and (min-width:768px){.ugb-491e63f.ugb-text{padding-top:0px !important;padding-right:35px !important;padding-bottom:26px !important;padding-left:35px !important}}@media screen and (max-width:768px){.ugb-491e63f .ugb-text__text p{font-size:20px !important}}<\/style><div class=\"ugb-inner-block ugb-inner-block--center\"><div class=\"ugb-block-content\"><div class=\"ugb-text__title-wrapper\"><h2 class=\"ugb-text__title\">Curso Plantar \u00e1rvores, Produzir Alimentos Saud\u00e1veis<\/h2><\/div><div class=\"ugb-text__text-wrapper\"><div class=\"ugb-text__text\"><p class=\"ugb-text__text-1\"><\/p><\/div><\/div><\/div><\/div><\/div>\n\n\n\n<div class=\"wp-block-ugb-expand ugb-expand ugb-2670207 ugb-expand--v2 ugb-main-block\" aria-expanded=\"false\"><style>.ugb-2670207 .ugb-expand__less-text p,.ugb-2670207 .ugb-expand__more-text p{font-size:18px !important}<\/style><div class=\"ugb-inner-block\"><div class=\"ugb-block-content\"><h4 class=\"ugb-expand__title\">Apresenta\u00e7\u00e3o<\/h4><div class=\"ugb-expand__less-text\"><p>O Curso Nacional de Forma\u00e7\u00e3o do Plano \u201cPlantar \u00e1rvores, Produzir Alimentos Saud\u00e1veis\u201d busca oferecer os elementos fundamentais para a constru\u00e7\u00e3o de uma base conceitual geral sobre a \u201cQuest\u00e3o Ambiental\u201d no \u00e2mbito da \u201cReforma Agr\u00e1ria Popular\u201d, subsidiando diferentes temas que relacionam a produ\u00e7\u00e3o de alimentos saud\u00e1veis e o cuidado com os bens comuns, de acordo com as especificidades e caracter\u00edsticas das regi\u00f5es e dos biomas brasileiros.<\/p><p>Pensando de maneira mais espec\u00edfica, pretendemos dar organicidade e enraizar em nossa base, o Plano Nacional &#8220;Plantar \u00e1rvores, produzir alimentos saud\u00e1veis&#8221;. Al\u00e9m de estimular a forma\u00e7\u00e3o de militantes como &#8220;guardi\u00f5es da biodiversidade no MST&#8221;, vinculando-os \u00e0s nossas escolas e centros, um projeto de cuidado com os bens comuns nos biomas e regi\u00f5es onde est\u00e3o inseridos. Orientar os planejamentos estaduais, quest\u00f5es t\u00e9cnicas e pr\u00e1ticas relacionadas ao plantio de \u00e1rvores nos territ\u00f3rios, tamb\u00e9m est\u00e1 no nosso horizonte.<\/p><p>O curso busca em suas reflex\u00f5es e aprendizados, portanto, ampliar os processos organizativos e do planejamento do Plano Nacional nos territ\u00f3rios.<\/p><p>Nesse sentido, a articula\u00e7\u00e3o de espa\u00e7os de estudo e reflex\u00e3o te\u00f3rica, bem como, de constru\u00e7\u00e3o e viv\u00eancias nos acampamentos e assentamentos, s\u00e3o dimens\u00f5es fundamentais da concep\u00e7\u00e3o de forma\u00e7\u00e3o desse curso.<\/p><p><\/p><\/div><div class=\"ugb-expand__more-text\" style=\"display:none\"><p>O Brasil apresenta uma grande diversidade de caracter\u00edsticas naturais: solo, vegeta\u00e7\u00e3o, fauna e clima s\u00e3o caracter\u00edsticas que, a depender do lugar do pa\u00eds em que estamos, variam bruscamente. No mesmo \u201cBrasil\u201d, podemos encontrar solos pedregosos, secos e de vegeta\u00e7\u00e3o baixa, como tamb\u00e9m, solos de massap\u00e9, \u00famido e com \u00e1rvores de grande porte.<\/p><p>S\u00e3o caracter\u00edsticas como essas, que, quando somadas \u00e0 geologia e ao clima, ajudam a delimitar o que se chama de bioma brasileiro. S\u00e3o espa\u00e7os com din\u00e2micas pr\u00f3prias que, por conta disso, tamb\u00e9m gera uma cultura pr\u00f3pria, uma forma de fazer muito t\u00edpica do local.<\/p><p>Mas para al\u00e9m das caracter\u00edsticas semelhantes de uma mesma forma\u00e7\u00e3o vegetal, de fauna, de clima, de relevo, de solo, de cultura, etc&#8230;, um bioma tamb\u00e9m possui um mesmo processo hist\u00f3rico de forma\u00e7\u00e3o e consolida\u00e7\u00e3o, resultando em uma biodiversidade pr\u00f3pria. No territ\u00f3rio nacional encontramos seis biomas, quais sejam: Mata Atl\u00e2ntica, Amaz\u00f4nia, Pampa, Cerrado, Caatinga e Pantanal.<\/p><p>Nesse sentido, para produ\u00e7\u00e3o de alimentos saud\u00e1veis e de plantio de \u00e1rvores, \u00e9 necess\u00e1rio desencadear a\u00e7\u00f5es que leve em considera\u00e7\u00e3o esses aspectos caracter\u00edsticos do bioma, considerando seus limites geogr\u00e1ficos, ambientais e culturais. Pois, planejar a\u00e7\u00f5es para inserir esp\u00e9cies arb\u00f3reas nos sistemas produtivos e\/ou de recupera\u00e7\u00e3o de \u00e1reas degradadas, depende da capacidade e da capacita\u00e7\u00e3o de manejar esp\u00e9cies nativas e\/ou ex\u00f3ticas que se adaptem \u00e0s \u00e1reas, somado \u00e0 percep\u00e7\u00e3o do melhor per\u00edodo do ano (chuvas, seca) para se realizar o plantio da esp\u00e9cie escolhida.<\/p><p><img decoding=\"async\" src=\"https:\/\/lh3.googleusercontent.com\/cga_HA-9EqTq8VD3Ujh7sIyybOzxKYlzmHdmvhpFLnP9FYzMu2BB9VcCuEZmrjijQAtg8MzboQ89GH5IKd3YOgBpOgfJ7yLuf6pE3hXVp6l3CclVk4HEwDcRvjpjVS-nkA=w1280\"><\/p><p>Compreendendo as especificidades encontradas nas regi\u00f5es, \u00e9 que o curso de forma\u00e7\u00e3o nacional \u201cPlantar \u00c1rvores, Produzir Alimentos Saud\u00e1veis\u201d, insere em sua metodologia espa\u00e7os de debate e constru\u00e7\u00e3o coletiva por biomas, oferecendo elementos para a constru\u00e7\u00e3o de estrat\u00e9gias\/a\u00e7\u00f5es para a produ\u00e7\u00e3o de alimentos saud\u00e1veis e o cuidado dos bens comuns. Portanto, est\u00e3o na constru\u00e7\u00e3o desse curso os setores de Produ\u00e7\u00e3o, Forma\u00e7\u00e3o, Educa\u00e7\u00e3o e Juventude do MST, juntamente com Escolas de Agroecologia e Centros de Forma\u00e7\u00e3o. Se voc\u00ea clicar sobre os nomes, poder\u00e1, inclusive, conhecer um pouco mais sobre essas escolas e centros de forma\u00e7\u00e3o:<\/p><p>IA<a rel=\"noreferrer noopener\" href=\"http:\/\/www.google.com\/url?q=http%3A%2F%2Fialaamazonico.blogspot.com%2F&amp;sa=D&amp;sntz=1&amp;usg=AOvVaw22ebPSGDiAiP30sZXd7k4w\" target=\"_blank\">LA Amaz\u00f4nico (PA)<\/a><\/p><p>Es<a rel=\"noreferrer noopener\" href=\"https:\/\/www.google.com\/url?q=https%3A%2F%2Fwww.facebook.com%2Fepaaeb%2F&amp;sa=D&amp;sntz=1&amp;usg=AOvVaw3CSIFwGymy1Be5nXSUk9ls\" target=\"_blank\">cola Popular de Agrofloresta e Agroecologia Eg\u00eddio Brunetto<\/a> (BA)<\/p><p>Es<a rel=\"noreferrer noopener\" href=\"http:\/\/www.google.com\/url?q=http%3A%2F%2Felaa.redelivre.org.br%2F&amp;sa=D&amp;sntz=1&amp;usg=AOvVaw070klBIZ1hb-xSZfGhh0t7\" target=\"_blank\">cola Latino Americana de Agroecologia<\/a> (PR)<\/p><p>Centro de Forma\u00e7\u00e3o Francisco Veras (MG)<\/p><p>Ce<a rel=\"noreferrer noopener\" href=\"https:\/\/www.google.com\/url?q=https%3A%2F%2Finstagram.com%2Fcentrosantadica.mst%3Figshid%3D5qu0kkp5thvm&amp;sa=D&amp;sntz=1&amp;usg=AOvVaw27dSzm9JR10R2RygmcXZul\" target=\"_blank\">ntro de Forma\u00e7\u00e3o e Produ\u00e7\u00e3o Agroecol\u00f3gica Santa Dica dos Sert\u00f5es (GO)<\/a><\/p><p>Ce<a rel=\"noreferrer noopener\" href=\"https:\/\/www.youtube.com\/channel\/UCZSz9CBRsO3s_uUCb4KHtOA\" target=\"_blank\">ntro de Forma\u00e7\u00e3o Paulo Freire (PE)<\/a><\/p><p><\/p><\/div><div class=\"ugb-expand__toggle-wrapper\"><a class=\"ugb-expand__toggle\" href=\"#\"><span class=\"ugb-expand__more-toggle-text\">Mostrar mais <br><\/span><span class=\"ugb-expand__less-toggle-text\" style=\"display:none\">Mostrar menos<\/span><\/a><\/div><\/div><\/div><\/div>\n\n\n\n<div class=\"wp-block-ugb-blog-posts ugb-blog-posts ugb-2898406 ugb-blog-posts--v2 ugb-blog-posts--design-basic ugb-blog-posts--columns-1 ugb-main-block ugb--has-bottom-separator\"><style>.ugb-2898406 .ugb-blog-posts__featured-image{border-radius:4px !important}.ugb-2898406 .ugb-blog-posts__title a{color:var(--theme-palette-color-3,#915656) !important}.ugb-2898406 .ugb-blog-posts__title a:hover{color:var(--theme-palette-color-1,#d80909) !important}.ugb-2898406 .ugb-blog-posts__title{margin-bottom:-50px !important}.ugb-2898406 .ugb-inner-block{text-align:left}.ugb-2898406 .ugb-block-title{font-family:\"Anton\",Sans-serif !important;font-weight:700 !important;color:var(--theme-palette-color-1,#d80909);margin-bottom:13px !important}@media screen and (min-width:768px){.ugb-2898406.ugb-blog-posts{padding-bottom:35px !important}}@media screen and (min-width:768px){.ugb-2898406 > .ugb-inner-block > .ugb-block-content > *{padding-top:0px !important;padding-bottom:0px !important;padding-right:0px !important;padding-left:0px !important}}<\/style><div class=\"ugb-bottom-separator\"><div class=\"ugb-separator-wrapper\"><svg xmlns=\"http:\/\/www.w3.org\/2000\/svg\" viewBox=\"0 0 1600 200\" filter=\"url(#straight-1-shadow_svg__a)\" enable-background=\"new 0 0 1600 200\" class=\"ugb-separator__shadow\" preserveAspectRatio=\"none\" aria-hidden=\"true\"><filter id=\"straight-1-shadow_svg__a\"><feGaussianBlur in=\"SourceAlpha\" stdDeviation=\"4\"><\/feGaussianBlur><feComponentTransfer><feFuncA type=\"linear\" slope=\"0.4\"><\/feFuncA><\/feComponentTransfer><feMerge><feMergeNode><\/feMergeNode><feMergeNode in=\"SourceGraphic\"><\/feMergeNode><\/feMerge><\/filter><path d=\"M-10 121.6h1620v-16.4H-10z\"><\/path><\/svg><svg xmlns=\"http:\/\/www.w3.org\/2000\/svg\" viewBox=\"0 0 1600 200\" class=\"ugb-separator__layer-1\" preserveAspectRatio=\"none\" aria-hidden=\"true\"><path d=\"M-10 210h1620V105.2H-10z\"><\/path><\/svg><\/div><\/div><div class=\"ugb-inner-block\"><h3 class=\"ugb-block-title\">Aulas<\/h3><div class=\"ugb-block-content\"><article class=\"ugb-blog-posts__item\"><div class=\"ugb-blog-posts__content\"><h4 class=\"ugb-blog-posts__title\"><a href=\"https:\/\/formacaoemmovimento.org.br\/?p=1177\">Aula 1 | An\u00e1lise de Conjuntura agr\u00e1ria e ambiental<\/a><\/h4><\/div><\/article><article class=\"ugb-blog-posts__item\"><div class=\"ugb-blog-posts__content\"><h4 class=\"ugb-blog-posts__title\"><a href=\"https:\/\/formacaoemmovimento.org.br\/?p=1180\">aula 2 | Economia Pol\u00edtica da quest\u00e3o ambiental<\/a><\/h4><\/div><\/article><article class=\"ugb-blog-posts__item\"><div class=\"ugb-blog-posts__content\"><h4 class=\"ugb-blog-posts__title\"><a href=\"https:\/\/formacaoemmovimento.org.br\/?p=1184\">AULA 3 | Reforma Agr\u00e1ria Popular e agroecologia no MST<\/a><\/h4><\/div><\/article><article class=\"ugb-blog-posts__item\"><div class=\"ugb-blog-posts__content\"><h4 class=\"ugb-blog-posts__title\"><a href=\"https:\/\/formacaoemmovimento.org.br\/?p=1187\">aula 4 | Sementes<\/a><\/h4><\/div><\/article><article class=\"ugb-blog-posts__item\"><div class=\"ugb-blog-posts__content\"><h4 class=\"ugb-blog-posts__title\"><a href=\"https:\/\/formacaoemmovimento.org.br\/?p=1190\">aula 5 | Produ\u00e7\u00e3o de mudas e viveiros<\/a><\/h4><\/div><\/article><article class=\"ugb-blog-posts__item\"><div class=\"ugb-blog-posts__content\"><h4 class=\"ugb-blog-posts__title\"><a href=\"https:\/\/formacaoemmovimento.org.br\/?p=1192\">aula 6 | Agroflorestas<\/a><\/h4><\/div><\/article><article class=\"ugb-blog-posts__item\"><div class=\"ugb-blog-posts__content\"><h4 class=\"ugb-blog-posts__title\"><a href=\"https:\/\/formacaoemmovimento.org.br\/?p=4070\">AULA 7 | RECUPERA\u00c7\u00c3O DA APP&#8217;S<\/a><\/h4><\/div><\/article><article class=\"ugb-blog-posts__item\"><div class=\"ugb-blog-posts__content\"><h4 class=\"ugb-blog-posts__title\"><a href=\"https:\/\/formacaoemmovimento.org.br\/?p=4093\">aula 8 | PLANEJAMENTO<\/a><\/h4><\/div><\/article><\/div><\/div><\/div>\n","protected":false},"excerpt":{"rendered":"<p>Curso Plantar \u00e1rvores, Produzir Alimentos Saud\u00e1veis Apresenta\u00e7\u00e3o O Curso Nacional de Forma\u00e7\u00e3o do Plano \u201cPlantar \u00e1rvores, Produzir Alimentos Saud\u00e1veis\u201d busca oferecer os elementos fundamentais para a constru\u00e7\u00e3o de uma base conceitual geral sobre a \u201cQuest\u00e3o Ambiental\u201d no \u00e2mbito da \u201cReforma Agr\u00e1ria Popular\u201d, subsidiando diferentes temas que relacionam a produ\u00e7\u00e3o de alimentos saud\u00e1veis e o cuidado [&hellip;]<\/p>\n","protected":false},"author":7,"featured_media":5216,"parent":1143,"menu_order":0,"comment_status":"closed","ping_status":"closed","template":"","meta":{"footnotes":""},"class_list":["post-1167","page","type-page","status-publish","has-post-thumbnail","hentry"],"blocksy_meta":{"styles_descriptor":{"styles":{"desktop":"","tablet":"","mobile":""},"google_fonts":[],"version":6}},"featured_image_urls_v2":{"full":["https:\/\/formacaoemmovimento.org.br\/wp-content\/uploads\/2022\/10\/curso-plantar-arvores.jpg",1290,300,false],"thumbnail":["https:\/\/formacaoemmovimento.org.br\/wp-content\/uploads\/2022\/10\/curso-plantar-arvores-150x150.jpg",150,150,true],"medium":["https:\/\/formacaoemmovimento.org.br\/wp-content\/uploads\/2022\/10\/curso-plantar-arvores-300x70.jpg",300,70,true],"medium_large":["https:\/\/formacaoemmovimento.org.br\/wp-content\/uploads\/2022\/10\/curso-plantar-arvores-768x179.jpg",768,179,true],"large":["https:\/\/formacaoemmovimento.org.br\/wp-content\/uploads\/2022\/10\/curso-plantar-arvores-1024x238.jpg",1024,238,true],"1536x1536":["https:\/\/formacaoemmovimento.org.br\/wp-content\/uploads\/2022\/10\/curso-plantar-arvores.jpg",1290,300,false],"2048x2048":["https:\/\/formacaoemmovimento.org.br\/wp-content\/uploads\/2022\/10\/curso-plantar-arvores.jpg",1290,300,false]},"post_excerpt_stackable_v2":"<p>Curso Plantar \u00e1rvores, Produzir Alimentos Saud\u00e1veis Apresenta\u00e7\u00e3oO Curso Nacional de Forma\u00e7\u00e3o do Plano \u201cPlantar \u00e1rvores, Produzir Alimentos Saud\u00e1veis\u201d busca oferecer os elementos fundamentais para a constru\u00e7\u00e3o de uma base conceitual geral sobre a \u201cQuest\u00e3o Ambiental\u201d no \u00e2mbito da \u201cReforma Agr\u00e1ria Popular\u201d, subsidiando diferentes temas que relacionam a produ\u00e7\u00e3o de alimentos saud\u00e1veis e o cuidado com os bens comuns, de acordo com as especificidades e caracter\u00edsticas das regi\u00f5es e dos biomas brasileiros.Pensando de maneira mais espec\u00edfica, pretendemos dar organicidade e enraizar em nossa base, o Plano Nacional &#8220;Plantar \u00e1rvores, produzir alimentos saud\u00e1veis&#8221;. Al\u00e9m de estimular a forma\u00e7\u00e3o de militantes como &#8220;guardi\u00f5es&hellip;<\/p>\n","category_list_v2":"","author_info_v2":{"name":"Jo\u00e3oVitor","url":"https:\/\/formacaoemmovimento.org.br\/?author=7"},"comments_num_v2":"0 coment\u00e1rio","_links":{"self":[{"href":"https:\/\/formacaoemmovimento.org.br\/index.php?rest_route=\/wp\/v2\/pages\/1167","targetHints":{"allow":["GET"]}}],"collection":[{"href":"https:\/\/formacaoemmovimento.org.br\/index.php?rest_route=\/wp\/v2\/pages"}],"about":[{"href":"https:\/\/formacaoemmovimento.org.br\/index.php?rest_route=\/wp\/v2\/types\/page"}],"author":[{"embeddable":true,"href":"https:\/\/formacaoemmovimento.org.br\/index.php?rest_route=\/wp\/v2\/users\/7"}],"replies":[{"embeddable":true,"href":"https:\/\/formacaoemmovimento.org.br\/index.php?rest_route=%2Fwp%2Fv2%2Fcomments&post=1167"}],"version-history":[{"count":8,"href":"https:\/\/formacaoemmovimento.org.br\/index.php?rest_route=\/wp\/v2\/pages\/1167\/revisions"}],"predecessor-version":[{"id":5277,"href":"https:\/\/formacaoemmovimento.org.br\/index.php?rest_route=\/wp\/v2\/pages\/1167\/revisions\/5277"}],"up":[{"embeddable":true,"href":"https:\/\/formacaoemmovimento.org.br\/index.php?rest_route=\/wp\/v2\/pages\/1143"}],"wp:featuredmedia":[{"embeddable":true,"href":"https:\/\/formacaoemmovimento.org.br\/index.php?rest_route=\/wp\/v2\/media\/5216"}],"wp:attachment":[{"href":"https:\/\/formacaoemmovimento.org.br\/index.php?rest_route=%2Fwp%2Fv2%2Fmedia&parent=1167"}],"curies":[{"name":"wp","href":"https:\/\/api.w.org\/{rel}","templated":true}]}}